{"id":50729,"date":"2025-03-03T17:28:28","date_gmt":"2025-03-03T16:28:28","guid":{"rendered":"https:\/\/www.plexus.es\/politica-de-privacidade\/"},"modified":"2026-02-19T14:08:52","modified_gmt":"2026-02-19T13:08:52","slug":"politica-de-privacidade","status":"publish","type":"page","link":"https:\/\/www.plexus.es\/gl\/politica-de-privacidade\/","title":{"rendered":"Pol\u00edtica de privacidade"},"content":{"rendered":"<p><div class=\"fusion-fullwidth fullwidth-box fusion-builder-row-1 fusion-flex-container plexus_css container-legal nonhundred-percent-fullwidth non-hundred-percent-height-scrolling\" style=\"background-color: rgba(255,255,255,0);background-position: center center;background-repeat: no-repeat;border-width: 0px 0px 0px 0px;border-color:#e8ebef;border-style:solid;\" ><div class=\"fusion-builder-row fusion-row fusion-flex-align-items-flex-start\" style=\"max-width:1310.4px;margin-left: calc(-4% \/ 2 );margin-right: calc(-4% \/ 2 );\"><div class=\"fusion-layout-column fusion_builder_column fusion-builder-column-0 fusion_builder_column_1_1 1_1 fusion-flex-column plexus_css minuscula\"><div class=\"fusion-column-wrapper fusion-flex-justify-content-flex-start fusion-content-layout-column\" style=\"background-position:left top;background-repeat:no-repeat;-webkit-background-size:cover;-moz-background-size:cover;-o-background-size:cover;background-size:cover;padding: 0px 0px 0px 0px;\"><div class=\"fusion-text fusion-text-1\"><h1>Pol\u00edtica de Privacidade<\/h1>\n<h2>POL\u00cdTICA DE PRIVACIDADE DE TECNOLOG\u00cdAS PLEXUS, S.L.<\/h2>\n<ul>\n<li>Data de actualizaci\u00f3n desta Pol\u00edtica de privacidade: 3 de febreiro de 2026<\/li>\n<li>Responsable do tratamento: Tecnolog\u00edas Plexus, S.L. (en diante, &#8220;PLEXUS&#8221;)<\/li>\n<li>Domicilio social: Jos\u00e9 Villar Granjel 22-24, Parque Industrial de Boisaca, Santiago de Compostela, Espa\u00f1a<\/li>\n<li>Correo electr\u00f3nico de contacto: rgpd@plexus.es<\/li>\n<li>P\u00e1xina web: https:\/\/www.plexus.es\/<\/li>\n<\/ul>\n<p>En cumprimento do disposto na Lei Org\u00e1nica 3\/18, do 5 de decembro, de Protecci\u00f3n de Datos Persoais e garant\u00eda dos dereitos dixitais, as\u00ed como no Regulamento (UE) 2016\/679 do Parlamento Europeo e do Consello do 27 de abril de 2016, Tecnolog\u00edas Plexus, S.L. (en diante, \u201cPLEXUS\u201d), responsable do sitio web https:\/\/www.plexus.es\/ (en diante, o sitio web), establece a seguinte Pol\u00edtica de Privacidade, que rexer\u00e1 o tratamento dos datos persoais. Esta pol\u00edtica ent\u00e9ndese, en calquera caso, sen prexu\u00edzo do disposto no correspondente Aviso Legal.<\/p>\n<p>Co simple feito de visitar o Sitio Web, PLEXUS non rexistra ning\u00fan dato persoal en ningunha base de datos. Non obstante, rec\u00f3llese certa informaci\u00f3n non persoal nos servidores que prestan servizos de aloxamento ao Responsable do Tratamento. Esta informaci\u00f3n incl\u00fae datos relativos ao enderezo IP desde o que se accede ao sitio web.<\/p>\n<p>O usuario \u00e9 responsable de proporcionar toda a s\u00faa informaci\u00f3n correctamente. PLEXUS non se responsabiliza dos fallos do servizo derivados de informaci\u00f3n incorrecta ou falsa.<\/p>\n<p>Alg\u00fans formularios de contacto requiren que facilites datos persoais marcados como obrigatorios, as\u00ed como que aceptes a Pol\u00edtica de Privacidade e o Aviso Legal correspondentes.<\/p>\n<p>O usuario consente a Pol\u00edtica de Privacidade do portal de acordo coas seguintes condici\u00f3ns:<\/p>\n<p>Tam\u00e9n che informamos de que contamos cun Delegado de Protecci\u00f3n de Datos (DPO) que garante o cumprimento da normativa de protecci\u00f3n de datos. Os datos de contacto do noso DPO son:<\/p>\n<p><strong>PREVISI\u00d3N SANITARIA, SERVICIOS Y CONSULTOR\u00cdA, S.L.U. CALLE VILLANUEVA, 11<br \/>\n<\/strong><\/p>\n<ul>\n<li>28001 de MADRID<\/li>\n<li>Tel\u00e9fono: 914311244<\/li>\n<li>Email: rgpd@plexus.es<\/li>\n<\/ul>\n<h2><strong>RESPONSABLE DO TRATAMENTO DE DATOS<\/strong><\/h2>\n<p>A informaci\u00f3n que se lles poida solicitar aos usuarios deste sitio web a trav\u00e9s de formularios de contacto, datos inclu\u00eddos en comentarios nas p\u00e1xinas das redes sociais corporativas (vinculadas ou non, pero baixo a responsabilidade de PLEXUS), datos persoais introducidos polo usuario nas secci\u00f3ns designadas ou proporcionados a trav\u00e9s doutros canais de comunicaci\u00f3n (por exemplo, correo electr\u00f3nico ou secci\u00f3ns privadas), \u00e9 responsabilidade de PLEXUS.<\/p>\n<h2><strong>DESTINATARIOS DA INFORMACI\u00d3N<\/strong><\/h2>\n<p>A informaci\u00f3n ser\u00e1 tratada por persoal autorizado de PLEXUS.<\/p>\n<p>Os datos persoais recollidos a trav\u00e9s dos distintos formularios de contacto ou por correo electr\u00f3nico, correo postal ou tel\u00e9fono non ser\u00e1n cedidos nin divulgados a terceiros, ag\u00e1s cando sexa necesario para o desenvolvemento, control e cumprimento da(s) finalidade(s) declarada(s) nos casos previstos pola lei, as\u00ed como en casos espec\u00edficos, que se lle comunicar\u00e1n expresamente ao USUARIO.<\/p>\n<p>No caso dos perf\u00eds corporativos que esta entidade mant\u00e9n nas distintas redes sociais enlazadas desde este sitio web, os datos poder\u00e1n ser tratados ao abeiro doutras pol\u00edticas de privacidade (especificamente, as correspondentes \u00e1s diferentes entidades propietarias das redes sociais).<br \/>\nOs perf\u00eds oficiais nas redes sociais enlazadas desde este sitio web foron creados para proporcionarlle unha mellor comprensi\u00f3n das nosas actividades e para crear unha canle de comunicaci\u00f3n alternativa con persoas interesadas na nosa organizaci\u00f3n e nos servizos que ofrecemos.<\/p>\n<h2><strong>FIN DA RECOLLIDA DE DATOS<\/strong><\/h2>\n<p>PLEXUS utilizar\u00e1 os datos que o USUARIO proporcione nos formularios de consulta, por correo electr\u00f3nico ou a trav\u00e9s de calquera outra canle autorizada exclusivamente para os seguintes fins:<\/p>\n<p>Rexistrar o usuario e outorgarlle acceso aos produtos e servizos que ofrecemos.<\/p>\n<p>Inclu\u00edr os datos do seu curr\u00edculo na base de datos da empresa (&#8220;candidatos&#8221;) para o seu uso en futuros procesos de selecci\u00f3n relacionados con ofertas de traballo publicadas pola empresa a trav\u00e9s das s\u00faas distintas canles.<\/p>\n<p>O USUARIO consente o tratamento dos seus datos para os fins descritos, sen prexu\u00edzo do seu dereito a revogar este consentimento enviando un correo electr\u00f3nico a rgpd@plexus.es, identific\u00e1ndose como USUARIO DO SITIO WEB e especificando a s\u00faa solicitude ou, se \u00e9 o caso, marcando a casa habilitada para este fin no propio formulario.<\/p>\n<h2><strong>BASE XUR\u00cdDICA PARA O TRATAMENTO DE DATOS PERSOAIS<\/strong><\/h2>\n<p>Os seus datos son tratados sobre as seguintes bases xur\u00eddicas:<\/p>\n<ul>\n<li>O consentimento expreso que vostede presta, que acepta e pode retirar en calquera momento.<\/li>\n<li>O seu consentimento libre, espec\u00edfico, informado e inequ\u00edvoco, tal e como o informamos ao po\u00f1er \u00e1 s\u00faa disposici\u00f3n esta pol\u00edtica de privacidade. Despois de lela, se est\u00e1 de acordo, pode aceptala mediante unha declaraci\u00f3n ou unha acci\u00f3n afirmativa clara, como marcar unha casilla habilitada para este fin.<\/li>\n<li>A base xur\u00eddica tam\u00e9n pode derivar do concepto de interese lex\u00edtimo que poida ter a empresa, en funci\u00f3n das regulaci\u00f3ns establecidas na lexislaci\u00f3n aplicable.<\/li>\n<\/ul>\n<h2><strong>NATUREZA OBLIGATORIA OU FACULTATIVA DA INFORMACI\u00d3N SOLICITADA<\/strong><\/h2>\n<ul>\n<li>Os campos obrigatorios de cada formulario identificaranse como tales dentro do propio formulario.<\/li>\n<li>A falta de subministraci\u00f3n desta informaci\u00f3n impedir\u00e1 que o USUARIO reciba o servizo solicitado.<\/li>\n<\/ul>\n<\/div><div class=\"fusion-text fusion-text-2\"><h2><strong>PER\u00cdODO DE CONSERVACI\u00d3N DE DATOS<\/strong><\/h2>\n<p>Os datos persoais que vostede proporcione conservaranse durante o tempo necesario para xestionar a s\u00faa consulta, suxesti\u00f3n, queixa ou reclamaci\u00f3n, as\u00ed como para a prestaci\u00f3n do servizo solicitado ou o cumprimento da relaci\u00f3n contractual establecida entre vostede e PLEXUS.<\/p>\n<p>Unha vez finalizada esta relaci\u00f3n, os datos conservaranse durante o prazo necesario para o cumprimento das obrigas legais ou durante o prazo que un xu\u00edz ou tribunal poida esixir.<\/p>\n<p>No caso das subscrici\u00f3ns a bolet\u00edns electr\u00f3nicos, os datos ser\u00e1n tratados ata que vostede revogue o seu consentimento ou se op\u00faa ao tratamento.<\/p>\n<p>En canto ao env\u00edo de curr\u00edculos, os datos ser\u00e1n tratados durante dous anos, a menos que vostede revogue o seu consentimento ou se op\u00faa ao tratamento.<\/p>\n<h2><strong>DATOS DO USUARIO QUE PLEXUS PODE PROCESAR<\/strong><\/h2>\n<p>Plexus procesar\u00e1 as seguintes categor\u00edas de datos do usuario:<\/p>\n<ul>\n<li>Datos proporcionados polo usuario\n<ul>\n<li>Datos identificativos: nome, apelidos<\/li>\n<li>Datos de contacto: enderezo de correo electr\u00f3nico<\/li>\n<\/ul>\n<\/li>\n<li>Datos proporcionados por empresas terceiras para a xesti\u00f3n dun CV<\/li>\n<li>Datos derivados do desenvolvemento da relaci\u00f3n: Datos proporcionados indirectamente polo cliente como consecuencia da navegaci\u00f3n polo sitio web, acceso \u00e1 \u00e1rea privada ou calquera outro medio similar que permita a s\u00faa recepci\u00f3n.<\/li>\n<\/ul>\n<p>Nos casos nos que o usuario proporcione a PLEXUS datos de terceiros, declara que informou e obtivo o consentimento previo de dita persoa para que PLEXUS procese os seus datos persoais. No caso de que PLEXUS sexa declarada culpable de tratamento non autorizado, res\u00e9rvase o dereito de aplicar calquera das sanci\u00f3ns ao usuario que proporcionou os datos sen o consentimento previo do interesado.<\/p>\n<ul>\n<li><a href=\"https:\/\/www.www.plexus.es\/aviso-legal\/\">Live Chat<\/a><\/li>\n<li><a href=\"https:\/\/www.www.plexus.es\/aviso-legal\/\">Google Analytics<\/a><\/li>\n<li>MailChimp<\/li>\n<\/ul>\n<p>Actualmente recompilamos os seguintes datos: Formulario de chat:<\/p>\n<ul>\n<li>Nome<\/li>\n<li>Enderezo de correo electr\u00f3nico<\/li>\n<li>N\u00famero de tel\u00e9fonoInformaci\u00f3n t\u00e9cnica:<\/li>\n<li>Enderezo IP<\/li>\n<li>P\u00e1xinas visitadas<\/li>\n<li>Tipo de dispositivo<\/li>\n<li>Tipo de navegador<\/li>\n<li>Resoluci\u00f3n da pantalla<\/li>\n<li>P\u00e1xina de inicio de sesi\u00f3n<\/li>\n<\/ul>\n<p>Os visitantes poden enviar calquera outro dato persoal que consideren oportuno; estes datos almac\u00e9nanse nos rexistros do chat.<\/p>\n<p><a href=\"https:\/\/www.smartsupp.com\/es\/help\/privacidad\/\">https:\/\/www.smartsupp.com\/es\/help\/privacidad\/<\/a><\/p>\n<h2>DESTINATARIOS<\/h2>\n<p>Os datos non se divulgar\u00e1n a terceiros alleos a PLEXUS, ag\u00e1s nos casos en que a lei o exixa.<\/p>\n<p>Plexus pode transferir os datos persoais do usuario a empresas que forman parte do seu grupo corporativo. Estas empresas son:<\/p>\n<ul>\n<li>\u201cGrupo Plexus Tech, S.L.\u201d B70170634<\/li>\n<li>\u201cTecnolog\u00edas Plexus, S.L.\u201d B15726177<\/li>\n<li>\u201cAgmina Multimedia, S.L.\u201d B15793409<\/li>\n<li>\u201cPlexus Am\u00e9rica, S.L.\u201d B70071154<\/li>\n<li>\u201cPlexus Tecnolog\u00edas de la Informaci\u00f3n y de la Comunicaci\u00f3n, S.L.\u201d B70244991<\/li>\n<li>\u201cPeninsular Auxiliar de Servicios, S.L.\u201d B70042478<\/li>\n<li>\u201cDigitalwks Produ\u00e7\u00f5es Web e Digitais, S.A.\u201d (Portugal) 509429564<\/li>\n<li>\u201cPlexus Servicios Generales, S.L.U.\u201d B70071162<\/li>\n<li>\u201cIntryo Servicios de Software, S.L.\u201d B06611925<\/li>\n<li>\u201cHuman Computer Development, S.L.U.\u201d B83136200<\/li>\n<li>\u201cSM2 Software &amp; Services Management, S.A.U.\u201d A07230816<\/li>\n<li>\u201cPlexus Seguridad, S.L.\u201d B70201330<\/li>\n<li>\u201cBI4ALL &#8211; Consultores de Gest\u00e3o, Lda.\u201d 507117336<\/li>\n<li>\u201cBrucke Asesores, S.L.\u201d B84276781<\/li>\n<li>\u201cEvoltia, S.L.\u201d B83887182<\/li>\n<li>\u201cPlexus Latam, S.A. de C.V. \u201d A140505SA9<\/li>\n<\/ul>\n<p>Ag\u00e1s o indicado anteriormente, PLEXUS non transferir\u00e1 ning\u00fan dato sen unha base legal ou sen unha raz\u00f3n lex\u00edtima para facelo. Polo tanto, os seus datos s\u00f3 ser\u00e1n procesados \u200b\u200bpor Plexus ou as empresas do seu grupo, dentro dos seus respectivos \u00e1mbitos de operaci\u00f3ns e a trav\u00e9s das diversas plataformas (dixitais e\/ou anal\u00f3xicas) nas que operan.<\/p>\n<p>Non obstante o anterior, PLEXUS pode contratar servizos de almacenamento na nube con entidades cuxos servidores estean situados f\u00f3ra do Espazo Econ\u00f3mico Europeo. Non obstante, PLEXUS garantir\u00e1 que estes provedores garantan un nivel axeitado de protecci\u00f3n de acordo coa normativa de protecci\u00f3n de datos.<\/p>\n<p>O servizo ChatBot \u00e9 proporcionado por Smartsupp.com, s.r.o., n\u00famero de rexistro mercantil: 03668681, NIF: CZ03668681, Lidick\u00e1 20, Brno, 602 00, Rep\u00fablica Checa. M\u00e1is informaci\u00f3n sobre este servizo est\u00e1 dispo\u00f1ible en la p\u00e1gina<a href=\"https:\/\/www.smartsupp.com\/es\/help\/privacidad\/\"> https:\/\/www.smartsupp.com\/es\/help\/privacidad\/<\/a><\/p>\n<h2>COMPROMISOS DO USUARIO<\/h2>\n<p>O USUARIO garante que \u00e9 maior de 14 anos e que a informaci\u00f3n facilitada \u00e9 precisa e veraz.<\/p>\n<p>O USUARIO comprom\u00e9tese a informar a PLEXUS de calquera cambio na informaci\u00f3n facilitada mediante o env\u00edo dun correo electr\u00f3nico ao enderezo facilitado, identific\u00e1ndose como USUARIO do SITIO WEB e especificando a informaci\u00f3n que precisa ser modificada.<\/p>\n<p>Do mesmo xeito, o USUARIO comprom\u00e9tese a manter en segredo as s\u00faas contrasinais e c\u00f3digos de identificaci\u00f3n e a informar a PLEXUS o antes posible en caso de perda, roubo ou acceso non autorizado.<\/p>\n<p>Ata que non se reciba dita notificaci\u00f3n, PLEXUS quedar\u00e1 exento de calquera responsabilidade que poida derivarse do mal uso de ditas contrasinais e c\u00f3digos de identificaci\u00f3n por terceiros non autorizados.<\/p>\n<\/div><\/div><style type=\"text\/css\">.fusion-body .fusion-builder-column-0{width:100% !important;margin-top : 0px;margin-bottom : 0px;}.fusion-builder-column-0 > .fusion-column-wrapper {padding-top : 0px !important;padding-right : 0px !important;margin-right : 1.92%;padding-bottom : 0px !important;padding-left : 0px !important;margin-left : 1.92%;}@media only screen and (max-width:1200px) {.fusion-body .fusion-builder-column-0{width:100% !important;}.fusion-builder-column-0 > .fusion-column-wrapper {margin-right : 1.92%;margin-left : 1.92%;}}@media only screen and (max-width:640px) {.fusion-body .fusion-builder-column-0{width:100% !important;}.fusion-builder-column-0 > .fusion-column-wrapper {margin-right : 1.92%;margin-left : 1.92%;}}<\/style><\/div><\/div><style type=\"text\/css\">.fusion-body .fusion-flex-container.fusion-builder-row-1{ padding-top : 60px;margin-top : 0px;padding-right : 0px;padding-bottom : 0px;margin-bottom : 0px;padding-left : 0px;}@media only screen and (max-width:640px) {.fusion-body .fusion-flex-container.fusion-builder-row-1{ margin-top : -1rem;}}<\/style><\/div><div class=\"fusion-fullwidth fullwidth-box fusion-builder-row-2 fusion-flex-container plexus_css container-legal nonhundred-percent-fullwidth non-hundred-percent-height-scrolling\" style=\"background-color: rgba(255,255,255,0);background-position: center center;background-repeat: no-repeat;border-width: 0px 0px 0px 0px;border-color:#e8ebef;border-style:solid;\" ><div class=\"fusion-builder-row fusion-row fusion-flex-align-items-flex-start\" style=\"max-width:1310.4px;margin-left: calc(-4% \/ 2 );margin-right: calc(-4% \/ 2 );\"><div class=\"fusion-layout-column fusion_builder_column fusion-builder-column-1 fusion_builder_column_1_1 1_1 fusion-flex-column plexus_css minuscula\"><div class=\"fusion-column-wrapper fusion-flex-justify-content-flex-start fusion-content-layout-column\" style=\"background-position:left top;background-repeat:no-repeat;-webkit-background-size:cover;-moz-background-size:cover;-o-background-size:cover;background-size:cover;padding: 0px 0px 0px 0px;\"><div class=\"fusion-text fusion-text-3\"><h2>DATOS DE TERCEIROS FACILITADOS POLO USUARIO<\/h2>\n<p>Se o USUARIO facilita datos persoais de terceiros para calquera finalidade, garante que informou previamente aos interesados \u200b\u200be obtivo o seu consentimento para comunicar os seus datos a PLEXUS.<\/p>\n<p>O USUARIO garante que os interesados \u200b\u200bson maiores de 14 anos e que a informaci\u00f3n facilitada \u00e9 exacta e veraz.<\/p>\n<p>PLEXUS verificar\u00e1 o consentimento destes interesados \u200b\u200bmediante un correo electr\u00f3nico inicial con contido non comercial solicitando a confirmaci\u00f3n do consentimento outorgado no seu nome polo USUARIO.<\/p>\n<p>En caso de responsabilidade derivada dun incumprimento destas condici\u00f3ns por parte do USUARIO, este ser\u00e1 responsable das consecuencias de dito incumprimento.<\/p>\n<h2>DEREITOS DO USUARIO<\/h2>\n<p>O interesado poder\u00e1, en calquera caso, exercer os seus dereitos ao abeiro do RGPD (Regulamento Xeral de Protecci\u00f3n de Datos), que son:<\/p>\n<ul>\n<li>Dereito a solicitar o acceso aos datos persoais que che conciernen.<\/li>\n<li>Dereito a solicitar a s\u00faa rectificaci\u00f3n ou supresi\u00f3n.<\/li>\n<li>Dereito a solicitar a limitaci\u00f3n do seu tratamento.<\/li>\n<li>Dereito a opo\u00f1erse ao seu tratamento.<\/li>\n<li>Dereito \u00e1 portabilidade dos datos.<\/li>\n<\/ul>\n<p>O USUARIO debe especificar cales destes dereitos desexa exercer e, ademais, debe achegar proba verificable da s\u00faa identidade. Se act\u00faa a trav\u00e9s dun representante legal ou voluntario, deber\u00e1 achegar tam\u00e9n o documento que acredite a representaci\u00f3n e o documento de identidade do representante.<\/p>\n<p>O interesado pode exercer estes dereitos presentando unha solicitude, acompa\u00f1ada dunha proba verificable da s\u00faa identidade, especificando cales destes dereitos desexa exercer, a Jos\u00e9 Villar Granjel 22-24, Parque Industrial de Boisaca, Santiago de Compostela, ou ao seguinte enderezo de correo electr\u00f3nico: <a href=\"mailto:rgpd@plexus.es\">rgpd@plexus.es<\/a><\/p>\n<p>Do mesmo xeito, se considera que se vulnerou o seu dereito \u00e1 protecci\u00f3n dos datos persoais, pode presentar unha reclamaci\u00f3n ante a Axencia Espa\u00f1ola de Protecci\u00f3n de Datos. <a href=\"http:\/\/www.agpd.es\/\">(www.agpd.es).<\/a><\/p>\n<h2>REDES SOCIAIS<\/h2>\n<p>PLEXUS mant\u00e9n varias p\u00e1xinas e\/ou perf\u00eds en diversas plataformas de redes sociais, enlazadas a trav\u00e9s deste sitio web. PLEXUS non se responsabiliza do contido publicado por terceiros nestas plataformas de redes sociais. O uso e tratamento de datos por parte de terceiros nestas plataformas de redes sociais estar\u00e1 suxeito a termos e condici\u00f3ns xerais ou espec\u00edficos diferentes dos que se presentan aqu\u00ed. Recomend\u00e1moslle que lea e comprenda atentamente estes termos e condici\u00f3ns.<\/p>\n<p>En canto a Facebook, cando un usuario se fai fan da nosa p\u00e1xina facendo clic no bot\u00f3n &#8220;G\u00fastame&#8221;, autor\u00edzanos a usar os seus datos persoais unicamente a trav\u00e9s da plataforma de Facebook co fin de xestionar a nosa p\u00e1xina de fans e a comunicaci\u00f3n bidireccional que mantemos cos nosos seguidores a trav\u00e9s de chat, mensaxes ou outras canles de comunicaci\u00f3n que Facebook permite agora e no futuro. Non obstante, este tratamento estar\u00e1 suxeito \u00e1s pol\u00edticas de privacidade desta rede social, que o USUARIO pode consultar na seguinte ligaz\u00f3n:<span style=\"font-size: 16px;\"> \u201chttps:\/<\/span><a style=\"font-size: 16px;\" href=\"http:\/\/www.facebook.com\/policy.php\">\/www.facebook.com\/policy.php\u201d.<\/a><\/p>\n<p>Tam\u00e9n queremos informarvos de que cando un usuario se fai fan, as noticias que publicamos tam\u00e9n aparecer\u00e1n na s\u00faa li\u00f1a de tempo e, se comenta na nosa, o seu comentario, nome de perfil e foto de perfil (se corresponde) ser\u00e1n visibles para outros fans.<\/p>\n<p>En calquera caso, o usuario \u00e9 responsable do seu uso da rede social.<\/p>\n<p>Non utilizaremos os datos persoais dos usuarios para fins distintos aos indicados nos par\u00e1grafos anteriores, nin lles enviaremos informaci\u00f3n por ning\u00fan canal que non sexa a rede social.<\/p>\n<p>En canto aos dereitos de acceso, rectificaci\u00f3n, supresi\u00f3n, portabilidade e dereito ao esquecemento, tal e como reco\u00f1ece a lei, s\u00f3 podemos actuar de acordo coas opci\u00f3ns que ofrece Facebook. Os usuarios deben contactar directamente con Facebook se desexan exercer alg\u00fan destes dereitos. Non obstante, pode darse de baixa da nosa p\u00e1xina en calquera momento premendo o bot\u00f3n &#8220;Non me gusta&#8221;, polo que xa non teremos acceso aos seus datos persoais, a\u00ednda que Facebook pode conservar os comentarios que fixo previamente no noso muro.<\/p>\n<p>En canto a X, cando un USUARIO nos segue premendo o bot\u00f3n &#8220;seguir&#8221;, teremos acceso \u00e1 informaci\u00f3n das persoas que nos seguen, concretamente o seu nome de usuario, a s\u00faa foto de perfil (se a ten) e os comentarios ou &#8220;Tweets&#8221; que fixeron, as\u00ed como o resto da informaci\u00f3n que publicaron no seu perfil, como os usuarios aos que seguen e os seus seguidores, a\u00ednda que n\u00f3s non usemos esta informaci\u00f3n.<\/p>\n<p>En particular, a informaci\u00f3n que o usuario proporciona na s\u00faa &#8220;biograf\u00eda&#8221; pode ser accesible para n\u00f3s.<\/p>\n<p>Do mesmo xeito que na plataforma anterior, o usuario \u00e9 responsable do seu uso da rede social. S\u00f3 empregamos os datos dos usuarios que nos seguen en X para xestionar e responder aos &#8220;Tweets&#8221; ou mensaxes que intercambiamos con eles.<\/p>\n<p>Podes consultar a pol\u00edtica de privacidade de Twitter na seguinte ligaz\u00f3n: \u201chttps:\/\/twitter.com\/privacy\u201d.<\/p>\n<p>En canto a Instagram, cando un USUARIO nos segue premendo o bot\u00f3n &#8220;seguir&#8221;, teremos acceso \u00e1 informaci\u00f3n dos nosos seguidores, concretamente ao seu nome de usuario, foto de perfil (se a ten) e biograf\u00eda ou publicaci\u00f3ns, as\u00ed como ao resto da informaci\u00f3n que publicou no seu perfil, como os usuarios aos que segue e os seus seguidores, a\u00ednda que n\u00f3s non usemos esta informaci\u00f3n.<\/p>\n<p>En particular, a informaci\u00f3n que o usuario proporciona na s\u00faa biograf\u00eda e publicaci\u00f3ns pode ser accesible para n\u00f3s.<\/p>\n<p>Do mesmo xeito que na plataforma anterior, o usuario \u00e9 responsable do seu uso da rede social. S\u00f3 usamos os datos dos nosos seguidores de Instagram para xestionar e responder \u00e1s publicaci\u00f3ns ou mensaxes privadas que intercambiamos con eles.<\/p>\n<p>Podes consultar a pol\u00edtica de privacidade de Instagram na seguinte ligaz\u00f3n:\u201chttps:\/\/about.instagram.com\/es-la\/blog\/announcements\/instagram-community-data-policy\u201d.<\/p>\n<p>En canto a YouTube, cando un USUARIO se subscribe premendo o bot\u00f3n &#8220;Subscribirse&#8221;, teremos acceso \u00e1 informaci\u00f3n dos nosos seguidores, concretamente o seu nome de usuario, a s\u00faa foto de perfil (se a ten) e a canle ou os v\u00eddeos que creou, as\u00ed como outra informaci\u00f3n que publicou no seu perfil, como os usuarios aos que segue e os seus subscritores, a\u00ednda que n\u00f3s non usemos esta informaci\u00f3n.<\/p>\n<p>En particular, a informaci\u00f3n que o usuario proporciona na s\u00faa canle e nos v\u00eddeos publicados pode ser accesible para n\u00f3s.<\/p>\n<p>Do mesmo xeito que na plataforma anterior, o usuario \u00e9 responsable do seu uso da rede social. S\u00f3 usamos os datos dos nosos seguidores de YouTube para xestionar e responder aos comentarios que intercambiamos con eles nos nosos v\u00eddeos.<\/p>\n<p>Podes consultar a pol\u00edtica de privacidade de Instagram na seguinte ligaz\u00f3n:\u201chttps:\/<a href=\"http:\/\/www.youtube.com\/intl\/ALL_es\/howyoutubeworks\/our-commitments\/protecting-user-data\/\">\/www.youtube.com\/intl\/ALL_es\/howyoutubeworks\/our-commitments\/protecting-user-data\/\u201d<\/a>.<\/p>\n<p>En canto a LinkedIn, cando un usuario nos segue premendo o bot\u00f3n &#8220;seguir&#8221;, teremos acceso \u00e1 s\u00faa informaci\u00f3n, concretamente ao seu nome de usuario, foto de perfil (se a ten) e biograf\u00eda ou publicaci\u00f3ns, as\u00ed como a outra informaci\u00f3n que publicou no seu perfil, como os usuarios aos que segue e os seus seguidores, a\u00ednda que n\u00f3s non usemos esta informaci\u00f3n.<\/p>\n<p>En particular, a informaci\u00f3n que o usuario proporciona na s\u00faa biograf\u00eda e publicaci\u00f3ns pode ser accesible para n\u00f3s.<\/p>\n<p>Do mesmo xeito que na plataforma anterior, o usuario \u00e9 responsable do seu uso da rede social. S\u00f3 usamos os datos dos usuarios que nos seguen en Instagram para xestionar e responder \u00e1s publicaci\u00f3ns ou mensaxes que intercambiamos con eles.<\/p>\n<p>Podes consultar a pol\u00edtica de privacidade de LinkedIn na seguinte ligaz\u00f3n: \u201chttps:\/\/es.linkedin.com\/legal\/privacy-policy\u201d.<\/p>\n<h2>CORREOS ELECTR\u00d3NICOS ENVIADOS POR PLEXUS<\/h2>\n<p>Se PLEXUS che env\u00eda correos electr\u00f3nicos no marco da nosa relaci\u00f3n contractual, ten en conta que a informaci\u00f3n contida nestes correos electr\u00f3nicos ou ficheiros adxuntos pode ser confidencial. Acceder e\/ou divulgar o contido dun correo electr\u00f3nico constit\u00fae un delito segundo o artigo 197 do C\u00f3digo Penal espa\u00f1ol.<\/p>\n<p>Se non es o destinatario previsto, ten en conta que calquera uso, distribuci\u00f3n, divulgaci\u00f3n ou reproduci\u00f3n desta informaci\u00f3n sen o permiso ou autorizaci\u00f3n expresa do destinatario lex\u00edtimo est\u00e1 prohibida pola lexislaci\u00f3n aplicable.<\/p>\n<p>Notif\u00edcanos inmediatamente a trav\u00e9s desta mesma canle ou por tel\u00e9fono e elimina o correo electr\u00f3nico.<\/p>\n<p>O correo electr\u00f3nico non garante a confidencialidade, integridade nin a correcta entrega das mensaxes transmitidas.<\/p>\n<\/div><div class=\"fusion-text fusion-text-4\"><h2>MEDIDAS DE SEGURIDADE<\/h2>\n<p>PLEXUS adoptou as medidas t\u00e9cnicas e organizativas necesarias para garantir a seguridade dos datos persoais e evitar a s\u00faa alteraci\u00f3n, perda, tratamento ou acceso non autorizado, tendo en conta o estado da tecnolox\u00eda, a natureza dos datos almacenados e os riscos aos que est\u00e1n expostos, xa sexan estes riscos derivados da acci\u00f3n humana ou do medio f\u00edsico natural.<\/p>\n<p>Non obstante, o USUARIO debe ser consciente de que as medidas de seguridade en internet non son infalibles.<\/p>\n<h2>CONSERVACI\u00d3N DE DATOS DE ACORDO COA LSSI<\/h2>\n<p>PLEXUS inf\u00f3rmao de que, como provedor de servizos de aloxamento de datos e de conformidade co disposto na Lei 34\/2002, do 11 de xullo, de Servizos da Sociedade da Informaci\u00f3n e Comercio Electr\u00f3nico (LSSI), conserva, durante un per\u00edodo m\u00e1ximo de 12 meses, a informaci\u00f3n esencial para identificar a orixe dos datos aloxados e o momento en que se iniciou a prestaci\u00f3n do servizo. A conservaci\u00f3n destes datos non afecta \u00e1 confidencialidade das comunicaci\u00f3ns e s\u00f3 poder\u00e1n ser utilizados no marco dunha investigaci\u00f3n criminal ou para a salvagarda da seguridade p\u00fablica, po\u00f1\u00e9ndose \u00e1 disposici\u00f3n dos xu\u00edces e\/ou tribunais ou do Ministerio Fiscal se estes o solicitan.<\/p>\n<p>A divulgaci\u00f3n de datos \u00e1s Forzas e Corpos de Seguridade do Estado realizarase de acordo coa normativa sobre protecci\u00f3n de datos persoais.<\/p>\n<h2>DEREITOS DE PROPIEDADE INTELECTUAL<\/h2>\n<p>PLEXUS \u00e9 responsable de todos os dereitos de autor, dereitos de propiedade intelectual, dereitos de propiedade industrial, co\u00f1ecementos t\u00e9cnicos e calquera outro dereito relacionado co contido do sitio web e os servizos que nel se ofrecen, as\u00ed como o software necesario para a s\u00faa implementaci\u00f3n e a informaci\u00f3n relacionada.<\/p>\n<p>Non se permite a reproduci\u00f3n, publicaci\u00f3n e\/ou uso do contido do sitio web, total ou parcial, de https:\/\/www.plexus.es\/ sen o consentimento previo por escrito, ag\u00e1s para uso estritamente privado.<\/p>\n<h2>PROPIEDADE INTELECTUAL DO SOFTWARE<\/h2>\n<p>Os usuarios deben respectar o software de terceiros posto a disposici\u00f3n por PLEXUS, mesmo se \u00e9 gratu\u00edto e\/ou dispo\u00f1ible publicamente.<\/p>\n<p>PLEXUS pos\u00fae os dereitos de propiedade intelectual e explotaci\u00f3n necesarios sobre o software.<\/p>\n<p>Os usuarios non adquiren ning\u00fan dereito nin licenza sobre o software necesario para a prestaci\u00f3n do servizo, nin sobre a informaci\u00f3n t\u00e9cnica utilizada para monitorizar o servizo, ag\u00e1s os dereitos e licenzas necesarios para a prestaci\u00f3n dos servizos contratados e s\u00f3 durante a s\u00faa duraci\u00f3n.<\/p>\n<p>Para calquera acci\u00f3n que exceda o alcance do contrato, o usuario requirir\u00e1 autorizaci\u00f3n por escrito de PLEXUS. Proh\u00edbese ao usuario acceder, modificar ou visualizar a configuraci\u00f3n e a estrutura dos servidores de PLEXUS e asumir\u00e1 responsabilidade civil e penal por calquera incidente que poida producirse nos servidores e sistemas de seguridade como resultado directo de acci\u00f3ns neglixentes ou maliciosas por parte del.<\/p>\n<h2>PROPIEDADE INTELECTUAL DO CONTIDO ALOXADO<\/h2>\n<p>Proh\u00edbese o uso de servizos proporcionados por PLEXUS que infrinxa as leis de propiedade intelectual e, en particular:<\/p>\n<ul>\n<li>Uso que infrinxa a lexislaci\u00f3n espa\u00f1ola ou infrinxa os dereitos doutras persoas.<\/li>\n<li>A publicaci\u00f3n ou transmisi\u00f3n de calquera contido que, en opini\u00f3n de PLEXUS, sexa violento, obsceno, abusivo, ilegal, racista, xen\u00f3fobo ou difamatorio.<\/li>\n<li>Cracks, n\u00fameros de serie de software ou calquera outro contido que infrinxa os dereitos de propiedade intelectual de terceiros.<\/li>\n<li>A recollida e\/ou uso de datos persoais doutros usuarios sen o seu consentimento expreso ou en violaci\u00f3n do Regulamento (UE) 2016\/679 do Parlamento Europeo e do Consello, do 27 de abril de 2016, relativo \u00e1 protecci\u00f3n das persoas f\u00edsicas no que respecta ao tratamento de datos persoais e \u00e1 libre circulaci\u00f3n destes datos.<\/li>\n<li>O uso do servidor de correo e enderezos de correo electr\u00f3nico do dominio para o env\u00edo de correo electr\u00f3nico masivo non solicitado. O usuario \u00e9 totalmente responsable do contido do seu sitio web, da informaci\u00f3n transmitida e almacenada, das ligaz\u00f3ns de hipertexto, das reclamaci\u00f3ns de terceiros e das acci\u00f3ns legais relacionadas coa propiedade intelectual, os dereitos de terceiros e a protecci\u00f3n de menores.<\/li>\n<\/ul>\n<p>O usuario \u00e9 responsable de cumprir con todas as leis e regulamentos aplicables, inclu\u00eddas as relacionadas co funcionamento do servizo en li\u00f1a, o comercio electr\u00f3nico, os dereitos de autor, o mantemento da orde p\u00fablica e os principios universais do uso de Internet.<\/p>\n<p>O usuario indemnizar\u00e1 a PLEXUS por calquera gasto en que incorra Tecnolog\u00edas Plexus, S.L. como resultado de calquera acci\u00f3n legal da que sexa responsable, inclu\u00eddos os honorarios legais e os custos de defensa, mesmo no caso dunha decisi\u00f3n xudicial non firme.<\/p>\n<h2>PROTECCI\u00d3N DA INFORMACI\u00d3N ALOXADA<\/h2>\n<p>PLEXUS realiza copias de seguridade do contido aloxado nos seus servidores; non obstante, non se responsabiliza da perda ou eliminaci\u00f3n accidental de datos por parte dos usuarios. Do mesmo xeito, non garante a restauraci\u00f3n completa dos datos eliminados polos usuarios, xa que devanditos datos puideron ser eliminados e\/ou modificados durante o tempo transcorrido desde a \u00faltima copia de seguridade.<\/p>\n<p>Os servizos ofrecidos, ag\u00e1s os servizos espec\u00edficos de copia de seguridade, non incl\u00faen a restauraci\u00f3n do contido almacenado nas copias de seguridade creadas por PLEXUS cando a perda sexa atribu\u00edble ao usuario. Neste caso, determinarase unha tarifa segundo a complexidade e o volume da recuperaci\u00f3n, sempre suxeita \u00e1 aceptaci\u00f3n previa do usuario.<\/p>\n<p>A restauraci\u00f3n de datos s\u00f3 est\u00e1 inclu\u00edda no prezo do servizo cando a perda de contido se debe a causas atribu\u00edbles a PLEXUS.<\/p>\n<h2>COMUNICACI\u00d3NS COMERCIAIS<\/h2>\n<p>De acordo coa LSSI (Lei de Servizos da Sociedade da Informaci\u00f3n e Comercio Electr\u00f3nico), PLEXUS non enviar\u00e1 comunicaci\u00f3ns publicitarias ou promocionais por correo electr\u00f3nico ou outros medios electr\u00f3nicos equivalentes a menos que sexan previamente solicitadas ou expresamente autorizadas polos destinatarios. Para os usuarios cos que exista unha relaci\u00f3n contractual previa, PLEXUS est\u00e1 autorizado ao env\u00edo de comunicaci\u00f3ns comerciais relativas a produtos ou servizos de Tecnolog\u00edas Plexus, S.L. que sexan similares aos inicialmente contratados polo cliente.<\/p>\n<p>En calquera caso, tras verificar a s\u00faa identidade, os usuarios poder\u00e1n solicitar que deixen de recibir informaci\u00f3n comercial a trav\u00e9s das canles de Atenci\u00f3n ao Cliente.<\/p>\n<\/div><\/div><style type=\"text\/css\">.fusion-body .fusion-builder-column-1{width:100% !important;margin-top : 0px;margin-bottom : 0px;}.fusion-builder-column-1 > .fusion-column-wrapper {padding-top : 0px !important;padding-right : 0px !important;margin-right : 1.92%;padding-bottom : 0px !important;padding-left : 0px !important;margin-left : 1.92%;}@media only screen and (max-width:1200px) {.fusion-body .fusion-builder-column-1{width:100% !important;}.fusion-builder-column-1 > .fusion-column-wrapper {margin-right : 1.92%;margin-left : 1.92%;}}@media only screen and (max-width:640px) {.fusion-body .fusion-builder-column-1{width:100% !important;}.fusion-builder-column-1 > .fusion-column-wrapper {margin-right : 1.92%;margin-left : 1.92%;}}<\/style><\/div><\/div><style type=\"text\/css\">.fusion-body .fusion-flex-container.fusion-builder-row-2{ padding-top : 60px;margin-top : 0px;padding-right : 0px;padding-bottom : 0px;margin-bottom : 0px;padding-left : 0px;}@media only screen and (max-width:640px) {.fusion-body .fusion-flex-container.fusion-builder-row-2{ margin-top : -1rem;}}<\/style><\/div><\/p>\n","protected":false},"excerpt":{"rendered":"","protected":false},"author":1,"featured_media":0,"parent":0,"menu_order":0,"comment_status":"closed","ping_status":"closed","template":"","meta":[],"yoast_head":"<!-- This site is optimized with the Yoast SEO plugin v17.4 - https:\/\/yoast.com\/wordpress\/plugins\/seo\/ -->\n<title>Pol\u00edtica de privacidade | Plexus Tech<\/title>\n<meta name=\"description\" content=\"Co\u00f1ece a nosa pol\u00edtica de privacidade e como procesamos os teus datos. Se tes algunha d\u00fabida, podes contactar connosco en rgpd@www.plexus.es\" \/>\n<meta name=\"robots\" content=\"noindex, nofollow\" \/>\n<meta property=\"og:locale\" content=\"gl_ES\" \/>\n<meta property=\"og:type\" content=\"article\" \/>\n<meta property=\"og:title\" content=\"Pol\u00edtica de privacidade | Plexus Tech\" \/>\n<meta property=\"og:description\" content=\"Co\u00f1ece a nosa pol\u00edtica de privacidade e como procesamos os teus datos. Se tes algunha d\u00fabida, podes contactar connosco en rgpd@www.plexus.es\" \/>\n<meta property=\"og:url\" content=\"https:\/\/www.plexus.es\/politica-de-privacidad\/\" \/>\n<meta property=\"og:site_name\" content=\"Plexus Tech\" \/>\n<meta property=\"article:publisher\" content=\"https:\/\/www.facebook.com\/Plexus.Techno\" \/>\n<meta property=\"article:modified_time\" content=\"2026-02-19T13:08:52+00:00\" \/>\n<meta name=\"twitter:card\" content=\"summary_large_image\" \/>\n<meta name=\"twitter:site\" content=\"@plexustech_\" \/>\n<meta name=\"twitter:label1\" content=\"Tempo de lectura\" \/>\n\t<meta name=\"twitter:data1\" content=\"17 minutos\" \/>\n<script type=\"application\/ld+json\" class=\"yoast-schema-graph\">{\"@context\":\"https:\/\/schema.org\",\"@graph\":[{\"@type\":\"Organization\",\"@id\":\"https:\/\/www.plexus.es\/#organization\",\"name\":\"Plexus Tech\",\"url\":\"https:\/\/www.plexus.es\/\",\"sameAs\":[\"https:\/\/www.facebook.com\/Plexus.Techno\",\"https:\/\/www.instagram.com\/plexus.tech\/\",\"https:\/\/www.linkedin.com\/company\/plexus-tech\/mycompany\/\",\"https:\/\/www.youtube.com\/user\/tecnologiasplexus\",\"https:\/\/twitter.com\/plexustech_\"],\"logo\":{\"@type\":\"ImageObject\",\"@id\":\"https:\/\/www.plexus.es\/#logo\",\"inLanguage\":\"gl-ES\",\"url\":\"https:\/\/www.plexus.es\/wp-content\/uploads\/2021\/11\/logo-plexus-2021.png\",\"contentUrl\":\"https:\/\/www.plexus.es\/wp-content\/uploads\/2021\/11\/logo-plexus-2021.png\",\"width\":600,\"height\":600,\"caption\":\"Plexus Tech\"},\"image\":{\"@id\":\"https:\/\/www.plexus.es\/#logo\"}},{\"@type\":\"WebSite\",\"@id\":\"https:\/\/www.plexus.es\/#website\",\"url\":\"https:\/\/www.plexus.es\/\",\"name\":\"Plexus Tech\",\"description\":\"Tecnolog\\u00eda con Alma\",\"publisher\":{\"@id\":\"https:\/\/www.plexus.es\/#organization\"},\"potentialAction\":[{\"@type\":\"SearchAction\",\"target\":{\"@type\":\"EntryPoint\",\"urlTemplate\":\"https:\/\/www.plexus.es\/?s={search_term_string}\"},\"query-input\":\"required name=search_term_string\"}],\"inLanguage\":\"gl-ES\"},{\"@type\":\"WebPage\",\"@id\":\"https:\/\/www.plexus.es\/politica-de-privacidad\/#webpage\",\"url\":\"https:\/\/www.plexus.es\/politica-de-privacidad\/\",\"name\":\"Pol\\u00edtica de privacidade | Plexus Tech\",\"isPartOf\":{\"@id\":\"https:\/\/www.plexus.es\/#website\"},\"datePublished\":\"2025-03-03T16:28:28+00:00\",\"dateModified\":\"2026-02-19T13:08:52+00:00\",\"description\":\"Co\\u00f1ece a nosa pol\\u00edtica de privacidade e como procesamos os teus datos. Se tes algunha d\\u00fabida, podes contactar connosco en rgpd@www.plexus.es\",\"breadcrumb\":{\"@id\":\"https:\/\/www.plexus.es\/politica-de-privacidad\/#breadcrumb\"},\"inLanguage\":\"gl-ES\",\"potentialAction\":[{\"@type\":\"ReadAction\",\"target\":[\"https:\/\/www.plexus.es\/politica-de-privacidad\/\"]}]},{\"@type\":\"BreadcrumbList\",\"@id\":\"https:\/\/www.plexus.es\/politica-de-privacidad\/#breadcrumb\",\"itemListElement\":[{\"@type\":\"ListItem\",\"position\":1,\"name\":\"Home\",\"item\":\"https:\/\/www.plexus.es\/\"},{\"@type\":\"ListItem\",\"position\":2,\"name\":\"Pol\\u00edtica de privacidade\"}]}]}<\/script>\n<!-- \/ Yoast SEO plugin. -->","yoast_head_json":{"title":"Pol\u00edtica de privacidade | Plexus Tech","description":"Co\u00f1ece a nosa pol\u00edtica de privacidade e como procesamos os teus datos. Se tes algunha d\u00fabida, podes contactar connosco en rgpd@www.plexus.es","robots":{"index":"noindex","follow":"nofollow"},"og_locale":"gl_ES","og_type":"article","og_title":"Pol\u00edtica de privacidade | Plexus Tech","og_description":"Co\u00f1ece a nosa pol\u00edtica de privacidade e como procesamos os teus datos. Se tes algunha d\u00fabida, podes contactar connosco en rgpd@www.plexus.es","og_url":"https:\/\/www.plexus.es\/politica-de-privacidad\/","og_site_name":"Plexus Tech","article_publisher":"https:\/\/www.facebook.com\/Plexus.Techno","article_modified_time":"2026-02-19T13:08:52+00:00","twitter_card":"summary_large_image","twitter_site":"@plexustech_","twitter_misc":{"Tempo de lectura":"17 minutos"},"schema":{"@context":"https:\/\/schema.org","@graph":[{"@type":"Organization","@id":"https:\/\/www.plexus.es\/#organization","name":"Plexus Tech","url":"https:\/\/www.plexus.es\/","sameAs":["https:\/\/www.facebook.com\/Plexus.Techno","https:\/\/www.instagram.com\/plexus.tech\/","https:\/\/www.linkedin.com\/company\/plexus-tech\/mycompany\/","https:\/\/www.youtube.com\/user\/tecnologiasplexus","https:\/\/twitter.com\/plexustech_"],"logo":{"@type":"ImageObject","@id":"https:\/\/www.plexus.es\/#logo","inLanguage":"gl-ES","url":"https:\/\/www.plexus.es\/wp-content\/uploads\/2021\/11\/logo-plexus-2021.png","contentUrl":"https:\/\/www.plexus.es\/wp-content\/uploads\/2021\/11\/logo-plexus-2021.png","width":600,"height":600,"caption":"Plexus Tech"},"image":{"@id":"https:\/\/www.plexus.es\/#logo"}},{"@type":"WebSite","@id":"https:\/\/www.plexus.es\/#website","url":"https:\/\/www.plexus.es\/","name":"Plexus Tech","description":"Tecnolog\u00eda con Alma","publisher":{"@id":"https:\/\/www.plexus.es\/#organization"},"potentialAction":[{"@type":"SearchAction","target":{"@type":"EntryPoint","urlTemplate":"https:\/\/www.plexus.es\/?s={search_term_string}"},"query-input":"required name=search_term_string"}],"inLanguage":"gl-ES"},{"@type":"WebPage","@id":"https:\/\/www.plexus.es\/politica-de-privacidad\/#webpage","url":"https:\/\/www.plexus.es\/politica-de-privacidad\/","name":"Pol\u00edtica de privacidade | Plexus Tech","isPartOf":{"@id":"https:\/\/www.plexus.es\/#website"},"datePublished":"2025-03-03T16:28:28+00:00","dateModified":"2026-02-19T13:08:52+00:00","description":"Co\u00f1ece a nosa pol\u00edtica de privacidade e como procesamos os teus datos. Se tes algunha d\u00fabida, podes contactar connosco en rgpd@www.plexus.es","breadcrumb":{"@id":"https:\/\/www.plexus.es\/politica-de-privacidad\/#breadcrumb"},"inLanguage":"gl-ES","potentialAction":[{"@type":"ReadAction","target":["https:\/\/www.plexus.es\/politica-de-privacidad\/"]}]},{"@type":"BreadcrumbList","@id":"https:\/\/www.plexus.es\/politica-de-privacidad\/#breadcrumb","itemListElement":[{"@type":"ListItem","position":1,"name":"Home","item":"https:\/\/www.plexus.es\/"},{"@type":"ListItem","position":2,"name":"Pol\u00edtica de privacidade"}]}]}},"_links":{"self":[{"href":"https:\/\/www.plexus.es\/gl\/wp-json\/wp\/v2\/pages\/50729"}],"collection":[{"href":"https:\/\/www.plexus.es\/gl\/wp-json\/wp\/v2\/pages"}],"about":[{"href":"https:\/\/www.plexus.es\/gl\/wp-json\/wp\/v2\/types\/page"}],"author":[{"embeddable":true,"href":"https:\/\/www.plexus.es\/gl\/wp-json\/wp\/v2\/users\/1"}],"replies":[{"embeddable":true,"href":"https:\/\/www.plexus.es\/gl\/wp-json\/wp\/v2\/comments?post=50729"}],"version-history":[{"count":22,"href":"https:\/\/www.plexus.es\/gl\/wp-json\/wp\/v2\/pages\/50729\/revisions"}],"predecessor-version":[{"id":50760,"href":"https:\/\/www.plexus.es\/gl\/wp-json\/wp\/v2\/pages\/50729\/revisions\/50760"}],"wp:attachment":[{"href":"https:\/\/www.plexus.es\/gl\/wp-json\/wp\/v2\/media?parent=50729"}],"curies":[{"name":"wp","href":"https:\/\/api.w.org\/{rel}","templated":true}]}}