{"id":50773,"date":"2025-03-03T17:28:28","date_gmt":"2025-03-03T16:28:28","guid":{"rendered":"https:\/\/www.plexus.es\/polityka-prywatnosci\/"},"modified":"2026-02-19T16:52:05","modified_gmt":"2026-02-19T15:52:05","slug":"polityka-prywatnosci","status":"publish","type":"page","link":"https:\/\/www.plexus.es\/pl\/polityka-prywatnosci\/","title":{"rendered":"Polityka prywatno\u015bci"},"content":{"rendered":"<p><div class=\"fusion-fullwidth fullwidth-box fusion-builder-row-1 fusion-flex-container plexus_css container-legal nonhundred-percent-fullwidth non-hundred-percent-height-scrolling\" style=\"background-color: rgba(255,255,255,0);background-position: center center;background-repeat: no-repeat;border-width: 0px 0px 0px 0px;border-color:#e8ebef;border-style:solid;\" ><div class=\"fusion-builder-row fusion-row fusion-flex-align-items-flex-start\" style=\"max-width:1310.4px;margin-left: calc(-4% \/ 2 );margin-right: calc(-4% \/ 2 );\"><div class=\"fusion-layout-column fusion_builder_column fusion-builder-column-0 fusion_builder_column_1_1 1_1 fusion-flex-column plexus_css minuscula\"><div class=\"fusion-column-wrapper fusion-flex-justify-content-flex-start fusion-content-layout-column\" style=\"background-position:left top;background-repeat:no-repeat;-webkit-background-size:cover;-moz-background-size:cover;-o-background-size:cover;background-size:cover;padding: 0px 0px 0px 0px;\"><div class=\"fusion-text fusion-text-1\"><h1>Polityka prywatno\u015bci<\/h1>\n<h2>POLITYKA PRYWATNO\u015aCI TECNOLOG\u00cdAS PLEXUS, S.L.<\/h2>\n<ul>\n<li>Data aktualizacji niniejszej Polityki prywatno\u015bci: 3 lutego 2026 r<\/li>\n<li>Administrator danych: Tecnolog\u00edas Plexus, S.L. (dalej \u201ePLEXUS\u201d)<\/li>\n<li>Siedziba: Jos\u00e9 Villar Granjel 22-24, Boisaca Industrial Park, Santiago de Compostela, Hiszpania<\/li>\n<li>Adres e-mail do kontaktu: rgpd@plexus.es<\/li>\n<li>Strona internetowa: https:\/\/www.plexus.es\/<\/li>\n<\/ul>\n<p>Zgodnie z przepisami Ustawy Organicznej 3\/18 z dnia 5 grudnia o Ochronie Danych Osobowych i Gwarancji Praw Cyfrowych, a tak\u017ce z Rozporz\u0105dzeniem Parlamentu Europejskiego i Rady (UE) 2016\/679 z dnia 27 kwietnia 2016 r., Tecnolog\u00edas Plexus, S.L. (zwana dalej \u201ePLEXUS\u201d), odpowiedzialna za stron\u0119 internetow\u0105 https:\/\/www.plexus.es\/ (zwan\u0105 dalej \u201estron\u0105 internetow\u0105\u201d), ustanawia niniejsz\u0105 Polityk\u0119 Prywatno\u015bci, kt\u00f3ra reguluje przetwarzanie danych osobowych. Niniejsza Polityka obowi\u0105zuje w ka\u017cdym przypadku bez uszczerbku dla postanowie\u0144 odpowiedniej Informacji Prawnej.<\/p>\n<p>Odwiedzaj\u0105c Stron\u0119 Internetow\u0105, PLEXUS nie rejestruje \u017cadnych danych osobowych w \u017cadnej bazie danych. Jednak\u017ce, na serwerach \u015bwiadcz\u0105cych us\u0142ugi hostingowe na rzecz Administratora Danych gromadzone s\u0105 pewne informacje nieosobowe. Informacje te obejmuj\u0105 dane dotycz\u0105ce adresu IP, z kt\u00f3rego uzyskuje si\u0119 dost\u0119p do strony internetowej.<\/p>\n<p>U\u017cytkownik jest odpowiedzialny za prawid\u0142owe podanie wszystkich swoich danych. PLEXUS nie ponosi odpowiedzialno\u015bci za nieprawid\u0142owo\u015bci w \u015bwiadczeniu us\u0142ug wynikaj\u0105ce z podania nieprawid\u0142owych lub fa\u0142szywych informacji.<\/p>\n<p>Niekt\u00f3re formularze kontaktowe wymagaj\u0105 podania danych osobowych oznaczonych jako obowi\u0105zkowe, a tak\u017ce zaakceptowania odpowiedniej Polityki Prywatno\u015bci i Informacji Prawnej.<\/p>\n<p>U\u017cytkownik wyra\u017ca zgod\u0119 na Polityk\u0119 Prywatno\u015bci portalu zgodnie z nast\u0119puj\u0105cymi warunkami:<\/p>\n<p>Informujemy r\u00f3wnie\u017c, \u017ce powo\u0142ujemy Inspektora Ochrony Danych (IOD), kt\u00f3ry zapewnia przestrzeganie przepis\u00f3w o ochronie danych. Dane kontaktowe naszego IOD to:<\/p>\n<p><strong>PREVISI\u00d3N SANITARIA, SERVICIOS Y CONSULTOR\u00cdA, S.L.U. CALLE VILLANUEVA, 11<br \/>\n<\/strong><\/p>\n<ul>\n<li>28001 de MADRID<\/li>\n<li>Tel\u00e9fono: 914311244<\/li>\n<li>Email: rgpd@plexus.es<\/li>\n<\/ul>\n<h2>ADMINISTRATOR DANYCH<\/h2>\n<p>Informacje, o kt\u00f3re u\u017cytkownicy tej strony internetowej mog\u0105 zosta\u0107 poproszeni za po\u015brednictwem formularzy kontaktowych, danych zawartych w komentarzach na firmowych stronach PLEXUS w mediach spo\u0142eczno\u015bciowych (niezale\u017cnie od tego, czy s\u0105 one linkowane, ale na odpowiedzialno\u015b\u0107 PLEXUS), danych osobowych wprowadzonych przez u\u017cytkownika w wyznaczonych sekcjach lub przekazanych za po\u015brednictwem innych kana\u0142\u00f3w komunikacji (np. e-mail lub sekcje prywatne), s\u0105 odpowiedzialno\u015bci\u0105 PLEXUS.<\/p>\n<h2>ODBIORCY DANYCH<\/h2>\n<p>Informacje b\u0119d\u0105 przetwarzane przez upowa\u017cnionych pracownik\u00f3w PLEXUS.<\/p>\n<p>Dane osobowe zebrane za po\u015brednictwem r\u00f3\u017cnych formularzy kontaktowych lub za po\u015brednictwem poczty elektronicznej, poczty tradycyjnej lub telefonu nie b\u0119d\u0105 przekazywane ani ujawniane osobom trzecim, z wyj\u0105tkiem sytuacji, gdy jest to konieczne do opracowania, kontroli i realizacji okre\u015blonych cel\u00f3w, zgodnie z prawem, oraz w okre\u015blonych przypadkach, o kt\u00f3rych U\u017bYTKOWNIK zostanie wyra\u017anie poinformowany.<\/p>\n<p>W przypadku profili firmowych, kt\u00f3re ten podmiot utrzymuje w r\u00f3\u017cnych sieciach spo\u0142eczno\u015bciowych po\u0142\u0105czonych z t\u0105 Stron\u0105 Internetow\u0105, dane mog\u0105 by\u0107 przetwarzane zgodnie z innymi politykami prywatno\u015bci (w szczeg\u00f3lno\u015bci tymi, kt\u00f3re obowi\u0105zuj\u0105 r\u00f3\u017cne podmioty b\u0119d\u0105ce w\u0142a\u015bcicielami tych sieci spo\u0142eczno\u015bciowych).<\/p>\n<p>Oficjalne profile w sieciach spo\u0142eczno\u015bciowych po\u0142\u0105czonych z t\u0105 Stron\u0105 Internetow\u0105 zosta\u0142y utworzone w celu lepszego zrozumienia naszej dzia\u0142alno\u015bci oraz stworzenia alternatywnego kana\u0142u komunikacji z osobami zainteresowanymi nasz\u0105 firm\u0105 i oferowanymi przez nas us\u0142ugami.<\/p>\n<h2>CEL GROMADZENIA DANYCH<\/h2>\n<p>PLEXUS b\u0119dzie wykorzystywa\u0107 dane podane przez U\u017bYTKOWNIKA w formularzach zapytania, poczt\u0105 elektroniczn\u0105 lub innymi dost\u0119pnymi kana\u0142ami wy\u0142\u0105cznie w celu:<\/p>\n<ul>\n<li>Aby przetworzy\u0107 Twoj\u0105 rejestracj\u0119 u\u017cytkownika i udzieli\u0107 Ci dost\u0119pu do oferowanych przez nas produkt\u00f3w i us\u0142ug.<\/li>\n<li>&nbsp;\n<p>Aby doda\u0107 Twoje CV do bazy danych firmy (\u201ekandydaci\u201d) w celu wykorzystania w przysz\u0142ych procesach rekrutacyjnych zwi\u0105zanych z ofertami pracy publikowanymi przez firm\u0119 za po\u015brednictwem r\u00f3\u017cnych kana\u0142\u00f3w.<\/li>\n<\/ul>\n<p>U\u017bYTKOWNIK wyra\u017ca zgod\u0119 na przetwarzanie swoich danych w opisanych celach, bez uszczerbku dla prawa do odwo\u0142ania tej zgody poprzez wys\u0142anie wiadomo\u015bci e-mail na adres rgpd@plexus.es, identyfikuj\u0105c si\u0119 jako U\u017bYTKOWNIK STRONY INTERNETOWEJ i okre\u015blaj\u0105c swoje \u017c\u0105danie lub, w stosownych przypadkach, zaznaczaj\u0105c odpowiednie pole w formularzu.<\/p>\n<h2>PODSTAWA PRAWNA PRZETWARZANIA DANYCH OSOBOWYCH<\/h2>\n<p>Twoje dane s\u0105 przetwarzane w oparciu o nast\u0119puj\u0105ce podstawy prawne:<\/p>\n<ul>\n<li>Wyra\u017ana zgoda, o kt\u00f3r\u0105 Ci\u0119 prosimy, kt\u00f3r\u0105 akceptujesz i kt\u00f3rej mo\u017cesz w ka\u017cdej chwili sprzeciwi\u0107 si\u0119.<\/li>\n<li>&nbsp;\n<p>Dobrowolna, konkretna, \u015bwiadoma i jednoznaczna zgoda, o kt\u00f3rej informujemy Ci\u0119, udost\u0119pniaj\u0105c Ci niniejsz\u0105 polityk\u0119 prywatno\u015bci, kt\u00f3r\u0105 po jej przeczytaniu, je\u015bli wyra\u017casz zgod\u0119, mo\u017cesz zaakceptowa\u0107 poprzez o\u015bwiadczenie lub wyra\u017ane dzia\u0142anie potwierdzaj\u0105ce, takie jak zaznaczenie pola przeznaczonego do tego celu.<\/li>\n<li>Podstawa prawna przetwarzania mo\u017ce wynika\u0107 z poj\u0119cia uzasadnionego interesu, kt\u00f3ry Sp\u00f3\u0142ka mo\u017ce mie\u0107 na podstawie przepis\u00f3w prawa maj\u0105cych zastosowanie w danej sprawie.<\/li>\n<\/ul>\n<h2>OBOWI\u0104ZKOWY LUB OPCJONALNY CHARAKTER \u017b\u0104DANYCH INFORMACJI<\/h2>\n<ul>\n<li>Pola obowi\u0105zkowe w ka\u017cdym formularzu zostan\u0105 oznaczone jako takie w samym formularzu.<\/li>\n<li>Niepodanie tych informacji uniemo\u017cliwi U\u017bYTKOWNIKOWI otrzymanie \u017c\u0105danej us\u0142ugi.<\/li>\n<\/ul>\n<\/div><div class=\"fusion-text fusion-text-2\"><h2>OKRES PRZECHOWYWANIA DANYCH<\/h2>\n<p>Podane przez Ciebie dane osobowe b\u0119d\u0105 przechowywane przez czas niezb\u0119dny do rozpatrzenia Twojego zapytania, sugestii, skargi lub roszczenia, a tak\u017ce w celu \u015bwiadczenia \u017c\u0105danej us\u0142ugi lub rozwoju stosunku umownego mi\u0119dzy Tob\u0105 a PLEXUS.<\/p>\n<p>Po zako\u0144czeniu tego stosunku dane b\u0119d\u0105 przechowywane przez okres wymagany do wype\u0142nienia obowi\u0105zk\u00f3w prawnych lub przez okres wymagany przez s\u0119dziego lub s\u0105d.<\/p>\n<p>W przypadku subskrypcji newslettera e-mail, dane b\u0119d\u0105 przetwarzane do momentu cofni\u0119cia przez Ciebie zgody lub wniesienia sprzeciwu wobec przetwarzania.<\/p>\n<p>W przypadku przesy\u0142ania CV, dane b\u0119d\u0105 przetwarzane przez dwa lata, chyba \u017ce cofniesz swoj\u0105 zgod\u0119 lub wniesiesz sprzeciw wobec przetwarzania.<\/p>\n<h2>DANE U\u017bYTKOWNIKA, KT\u00d3RE PLEXUS MO\u017bE PRZETWARZA\u0106<\/h2>\n<p>Plexus tratar\u00e1 las siguientes categor\u00edas de datos del usuario:<\/p>\n<ul>\n<li>Dane przekazane przez u\u017cytkownika\n<ul>\n<li>Dane identyfikacyjne: imi\u0119, nazwisko<\/li>\n<li>Dane kontaktowe: adres e-mail<\/li>\n<\/ul>\n<\/li>\n<li>Dane przekazane przez firmy zewn\u0119trzne w celu zarz\u0105dzania CV<\/li>\n<li>Dane uzyskane w wyniku rozwoju relacji: Dane przekazane po\u015brednio przez klienta w wyniku przegl\u0105dania strony internetowej, dost\u0119pu do strefy prywatnej lub w inny podobny spos\u00f3b umo\u017cliwiaj\u0105cy ich otrzymanie.<\/li>\n<\/ul>\n<p>W przypadku, gdy u\u017cytkownik udost\u0119pnia firmie PLEXUS dane os\u00f3b trzecich, o\u015bwiadcza, \u017ce \u200b\u200bpoinformowa\u0142 o tym dan\u0105 osob\u0119 i uzyska\u0142 od niej uprzedni\u0105 zgod\u0119 na przetwarzanie jej danych osobowych przez PLEXUS. W przypadku skazania firmy PLEXUS za nieuprawnione przetwarzanie, zastrzega sobie prawo do na\u0142o\u017cenia wszelkich takich kar na u\u017cytkownika, kt\u00f3ry udost\u0119pni\u0142 dane bez uprzedniej zgody osoby, kt\u00f3rej dane dotycz\u0105.<\/p>\n<ul>\n<li><a href=\"https:\/\/www.www.plexus.es\/aviso-legal\/\">Live Chat<\/a><\/li>\n<li><a href=\"https:\/\/tagmanager.google.com\/?hl=es\">Google Analytics<\/a><\/li>\n<li>MailChimp<\/li>\n<\/ul>\n<p>Aktualnie gromadzimy nast\u0119puj\u0105ce dane: Formularz czatu:<\/p>\n<ul>\n<li>Imi\u0119 i nazwisko<\/li>\n<li>Adres e-mail<\/li>\n<li>Numer telefonu<\/li>\n<\/ul>\n<p>Informacje techniczne:<\/p>\n<ul>\n<li>Adres IP<\/li>\n<li>Odwiedzone strony<\/li>\n<li>Typ urz\u0105dzenia<\/li>\n<li>Typ przegl\u0105darki<\/li>\n<li>Rozdzielczo\u015b\u0107 ekranu<\/li>\n<li>Strona logowania<\/li>\n<\/ul>\n<p>U\u017cytkownik ma prawo przes\u0142a\u0107 wszelkie inne dane osobowe, kt\u00f3re uzna za stosowne; dane te zostan\u0105 zapisane w historii konwersacji.<\/p>\n<p><a href=\"https:\/\/www.smartsupp.com\/es\/help\/privacidad\/\">https:\/\/www.smartsupp.com\/es\/help\/privacidad\/<\/a><\/p>\n<p>ODBIORCY<\/p>\n<p>Dane nie b\u0119d\u0105 ujawniane \u017cadnym podmiotom trzecim spoza PLEXUS, chyba \u017ce b\u0119dzie to wymagane prawnie.<\/p>\n<p>Plexus mo\u017ce przekazywa\u0107 dane osobowe u\u017cytkownika sp\u00f3\u0142kom wchodz\u0105cym w sk\u0142ad jego grupy kapita\u0142owej. S\u0105 to:<\/p>\n<ul>\n<li>\u201cGrupo Plexus Tech, S.L.\u201d B70170634<\/li>\n<li>\u201cTecnolog\u00edas Plexus, S.L.\u201d B15726177<\/li>\n<li>\u201cAgmina Multimedia, S.L.\u201d B15793409<\/li>\n<li>\u201cPlexus Am\u00e9rica, S.L.\u201d B70071154<\/li>\n<li>\u201cPlexus Tecnolog\u00edas de la Informaci\u00f3n y de la Comunicaci\u00f3n, S.L.\u201d B70244991<\/li>\n<li>\u201cPeninsular Auxiliar de Servicios, S.L.\u201d B70042478<\/li>\n<li>\u201cDigitalwks Produ\u00e7\u00f5es Web e Digitais, S.A.\u201d (Portugal) 509429564<\/li>\n<li>\u201cPlexus Servicios Generales, S.L.U.\u201d B70071162<\/li>\n<li>\u201cIntryo Servicios de Software, S.L.\u201d B06611925<\/li>\n<li>\u201cHuman Computer Development, S.L.U.\u201d B83136200<\/li>\n<li>\u201cSM2 Software &amp; Services Management, S.A.U.\u201d A07230816<\/li>\n<li>\u201cPlexus Seguridad, S.L.\u201d B70201330<\/li>\n<li>\u201cBI4ALL &#8211; Consultores de Gest\u00e3o, Lda.\u201d 507117336<\/li>\n<li>\u201cBrucke Asesores, S.L.\u201d B84276781<\/li>\n<li>\u201cEvoltia, S.L.\u201d B83887182<\/li>\n<li>\u201cPlexus Latam, S.A. de C.V. \u201d A140505SA9<\/li>\n<\/ul>\n<p>Z wyj\u0105tkiem przypadk\u00f3w okre\u015blonych powy\u017cej, PLEXUS nie b\u0119dzie przekazywa\u0142 \u017cadnych danych bez podstawy prawnej lub uzasadnionego powodu. W zwi\u0105zku z tym Twoje dane b\u0119d\u0105 przetwarzane wy\u0142\u0105cznie przez Plexus lub sp\u00f3\u0142ki z jego grupy, w ramach ich zakresu dzia\u0142alno\u015bci i na r\u00f3\u017cnych platformach (cyfrowych i\/lub analogowych), na kt\u00f3rych dzia\u0142aj\u0105.<\/p>\n<p>Niezale\u017cnie od powy\u017cszego, PLEXUS mo\u017ce zleca\u0107 us\u0142ugi przechowywania danych w chmurze podmiotom, kt\u00f3rych serwery znajduj\u0105 si\u0119 poza Europejskim Obszarem Gospodarczym. PLEXUS zapewni jednak, \u017ce dostawcy ci zagwarantuj\u0105 odpowiedni poziom ochrony zgodnie z przepisami o ochronie danych.<\/p>\n<p>Us\u0142ug\u0119 ChatBot \u015bwiadczy Smartsupp.com, s.r.o., numer rejestracyjny firmy: 03668681, NIP: CZ03668681, Lidick\u00e1 20, Brno, 602 00, Czechy. Wi\u0119cej informacji na temat tej us\u0142ugi mo\u017cna znale\u017a\u0107 na stronie<a href=\"https:\/\/www.smartsupp.com\/es\/help\/privacidad\/\"> https:\/\/www.smartsupp.com\/es\/help\/privacidad\/<\/a><\/p>\n<h2>ZOBOWI\u0104ZANIA U\u017bYTKOWNIKA<\/h2>\n<p>U\u017bYTKOWNIK gwarantuje, \u017ce uko\u0144czy\u0142 14 lat i \u017ce podane informacje s\u0105 dok\u0142adne i zgodne z prawd\u0105.<\/p>\n<p>U\u017bYTKOWNIK zobowi\u0105zuje si\u0119 do informowania PLEXUS o wszelkich zmianach podanych informacji, wysy\u0142aj\u0105c wiadomo\u015b\u0107 e-mail na podany adres, identyfikuj\u0105c si\u0119 jako U\u017bYTKOWNIK STRONY INTERNETOWEJ i okre\u015blaj\u0105c informacje, kt\u00f3re nale\u017cy zmodyfikowa\u0107.<\/p>\n<p>U\u017bYTKOWNIK zobowi\u0105zuje si\u0119 r\u00f3wnie\u017c do zachowania w tajemnicy swoich hase\u0142 i kod\u00f3w identyfikacyjnych oraz do niezw\u0142ocznego powiadomienia PLEXUS o ich utracie, kradzie\u017cy lub nieautoryzowanym dost\u0119pie.<\/p>\n<p>Do momentu otrzymania takiego powiadomienia PLEXUS nie ponosi odpowiedzialno\u015bci za niew\u0142a\u015bciwe u\u017cycie tych hase\u0142 i kod\u00f3w identyfikacyjnych przez nieupowa\u017cnione osoby trzecie.<\/p>\n<\/div><\/div><style type=\"text\/css\">.fusion-body .fusion-builder-column-0{width:100% !important;margin-top : 0px;margin-bottom : 0px;}.fusion-builder-column-0 > .fusion-column-wrapper {padding-top : 0px !important;padding-right : 0px !important;margin-right : 1.92%;padding-bottom : 0px !important;padding-left : 0px !important;margin-left : 1.92%;}@media only screen and (max-width:1200px) {.fusion-body .fusion-builder-column-0{width:100% !important;}.fusion-builder-column-0 > .fusion-column-wrapper {margin-right : 1.92%;margin-left : 1.92%;}}@media only screen and (max-width:640px) {.fusion-body .fusion-builder-column-0{width:100% !important;}.fusion-builder-column-0 > .fusion-column-wrapper {margin-right : 1.92%;margin-left : 1.92%;}}<\/style><\/div><\/div><style type=\"text\/css\">.fusion-body .fusion-flex-container.fusion-builder-row-1{ padding-top : 60px;margin-top : 0px;padding-right : 0px;padding-bottom : 0px;margin-bottom : 0px;padding-left : 0px;}@media only screen and (max-width:640px) {.fusion-body .fusion-flex-container.fusion-builder-row-1{ margin-top : -1rem;}}<\/style><\/div><div class=\"fusion-fullwidth fullwidth-box fusion-builder-row-2 fusion-flex-container plexus_css container-legal nonhundred-percent-fullwidth non-hundred-percent-height-scrolling\" style=\"background-color: rgba(255,255,255,0);background-position: center center;background-repeat: no-repeat;border-width: 0px 0px 0px 0px;border-color:#e8ebef;border-style:solid;\" ><div class=\"fusion-builder-row fusion-row fusion-flex-align-items-flex-start\" style=\"max-width:1310.4px;margin-left: calc(-4% \/ 2 );margin-right: calc(-4% \/ 2 );\"><div class=\"fusion-layout-column fusion_builder_column fusion-builder-column-1 fusion_builder_column_1_1 1_1 fusion-flex-column plexus_css minuscula\"><div class=\"fusion-column-wrapper fusion-flex-justify-content-flex-start fusion-content-layout-column\" style=\"background-position:left top;background-repeat:no-repeat;-webkit-background-size:cover;-moz-background-size:cover;-o-background-size:cover;background-size:cover;padding: 0px 0px 0px 0px;\"><div class=\"fusion-text fusion-text-3\"><h2>DANE OS\u00d3B TRZECICH DOSTARCZONE PRZEZ U\u017bYTKOWNIKA<\/h2>\n<p>Je\u015bli U\u017bYTKOWNIK udost\u0119pnia dane osobowe os\u00f3b trzecich w jakimkolwiek celu, gwarantuje, \u017ce uprzednio poinformowa\u0142 o tym osoby, kt\u00f3rych dane dotycz\u0105, i uzyska\u0142 ich zgod\u0119 na udost\u0119pnienie ich danych PLEXUS.<\/p>\n<p>U\u017bYTKOWNIK gwarantuje, \u017ce osoby, kt\u00f3rych dane dotycz\u0105, maj\u0105 uko\u0144czone 14 lat i \u017ce podane informacje s\u0105 dok\u0142adne i prawdziwe.<\/p>\n<p>PLEXUS zweryfikuje zgod\u0119 tych os\u00f3b, kt\u00f3rych dane dotycz\u0105, wysy\u0142aj\u0105c im wiadomo\u015b\u0107 e-mail o tre\u015bci niekomercyjnej z pro\u015bb\u0105 o potwierdzenie zgody udzielonej w ich imieniu przez U\u017bYTKOWNIKA.<\/p>\n<p>W przypadku poniesienia jakiejkolwiek odpowiedzialno\u015bci wynikaj\u0105cej z naruszenia niniejszych warunk\u00f3w przez U\u017bYTKOWNIKA, U\u017bYTKOWNIK ponosi odpowiedzialno\u015b\u0107 za konsekwencje takiego naruszenia.<\/p>\n<h2>PRAWA U\u017bYTKOWNIKA<\/h2>\n<p>Osoba, kt\u00f3rej dane dotycz\u0105, mo\u017ce w ka\u017cdym przypadku skorzysta\u0107 z praw przys\u0142uguj\u0105cych jej na mocy RODO (og\u00f3lnego rozporz\u0105dzenia o ochronie danych), kt\u00f3re obejmuj\u0105:<\/p>\n<ul>\n<li>Prawo do \u017c\u0105dania dost\u0119pu do danych osobowych jej dotycz\u0105cych<\/li>\n<li>Prawo do \u017c\u0105dania sprostowania lub usuni\u0119cia danych osobowych<\/li>\n<li>Prawo do \u017c\u0105dania ograniczenia przetwarzania<\/li>\n<li>Prawo do sprzeciwu wobec przetwarzania<\/li>\n<li>Prawo do przenoszenia danych<\/li>\n<\/ul>\n<p>U\u017bYTKOWNIK musi okre\u015bli\u0107, z kt\u00f3rego z tych praw chce skorzysta\u0107, i przedstawi\u0107 weryfikowalny dow\u00f3d swojej to\u017csamo\u015bci. Dzia\u0142aj\u0105c za po\u015brednictwem przedstawiciela ustawowego lub pe\u0142nomocnika, musi r\u00f3wnie\u017c przedstawi\u0107 dokumenty potwierdzaj\u0105ce reprezentacj\u0119 i to\u017csamo\u015b\u0107 przedstawiciela.<\/p>\n<p>Zainteresowana strona mo\u017ce skorzysta\u0107 z tych praw, sk\u0142adaj\u0105c wniosek, wraz z weryfikowalnym dowodem to\u017csamo\u015bci, ze wskazaniem, z kt\u00f3rego prawa chce skorzysta\u0107, na adres: Jos\u00e9 Villar Granjel 22-24, Boisaca Industrial Park, Santiago de Compostela, lub na adres e-mail: rgpd@plexus.es.<\/p>\n<p>Ponadto, je\u015bli uzna, \u017ce \u200b\u200bjego prawo do ochrony danych osobowych zosta\u0142o naruszone, mo\u017ce z\u0142o\u017cy\u0107 skarg\u0119 do Hiszpa\u0144skiej Agencji Ochrony Danych (www.agpd.es).<\/p>\n<h2>MEDIA SPO\u0141ECZNO\u015aCIOWE<\/h2>\n<p>PLEXUS utrzymuje kilka stron i\/lub profili na r\u00f3\u017cnych platformach medi\u00f3w spo\u0142eczno\u015bciowych, po\u0142\u0105czonych za po\u015brednictwem tej Witryny. PLEXUS nie ponosi odpowiedzialno\u015bci za tre\u015bci publikowane przez osoby trzecie na tych platformach medi\u00f3w spo\u0142eczno\u015bciowych. Wykorzystanie i przetwarzanie danych przez osoby trzecie na tych platformach medi\u00f3w spo\u0142eczno\u015bciowych podlega og\u00f3lnym lub szczeg\u00f3\u0142owym warunkom, kt\u00f3re r\u00f3\u017cni\u0105 si\u0119 od tych przedstawionych tutaj. Zalecamy dok\u0142adne zapoznanie si\u0119 z niniejszymi warunkami.<\/p>\n<p>Odno\u015bnie Facebooka, klikaj\u0105c przycisk \u201eLubi\u0119 to\u201d, u\u017cytkownik, kt\u00f3ry staje si\u0119 fanem naszej strony, upowa\u017cnia nas do wykorzystywania jego danych osobowych wy\u0142\u0105cznie za po\u015brednictwem platformy Facebook w celu zarz\u0105dzania nasz\u0105 stron\u0105 oraz do dwustronnej komunikacji z naszymi obserwatorami za po\u015brednictwem czatu, wiadomo\u015bci lub innych kana\u0142\u00f3w komunikacji, kt\u00f3re Facebook mo\u017ce oferowa\u0107 obecnie i w przysz\u0142o\u015bci. Przetwarzanie to b\u0119dzie jednak podlega\u0107 polityce prywatno\u015bci Facebooka, z kt\u00f3r\u0105 U\u017bYTKOWNIK mo\u017ce zapozna\u0107 si\u0119 pod nast\u0119puj\u0105cym linkiem: https:\/\/www.facebook.com\/policy.php\u201d.<\/p>\n<p>Pragniemy r\u00f3wnie\u017c poinformowa\u0107, \u017ce gdy u\u017cytkownik zostanie fanem, publikowane przez nas wiadomo\u015bci pojawi\u0105 si\u0119 r\u00f3wnie\u017c na jego osi czasu, a je\u015bli skomentuje nasz\u0105 stron\u0119, jego komentarz, nazwa profilu i zdj\u0119cie profilowe (je\u015bli dotyczy) b\u0119d\u0105 widoczne dla innych fan\u00f3w.<\/p>\n<p>W ka\u017cdym przypadku u\u017cytkownik ponosi odpowiedzialno\u015b\u0107 za korzystanie z portalu spo\u0142eczno\u015bciowego.<\/p>\n<p>Nie b\u0119dziemy wykorzystywa\u0107 danych osobowych u\u017cytkownik\u00f3w do cel\u00f3w innych ni\u017c okre\u015blone w poprzednich akapitach ani przesy\u0142a\u0107 im informacji \u017cadnym innym kana\u0142em ni\u017c portal spo\u0142eczno\u015bciowy.<\/p>\n<p>Je\u015bli chodzi o prawa dost\u0119pu, sprostowania, usuni\u0119cia, przenoszenia i prawo do bycia zapomnianym, zgodnie z prawem, mo\u017cemy dzia\u0142a\u0107 wy\u0142\u0105cznie zgodnie z opcjami udost\u0119pnionymi przez Facebooka. U\u017cytkownicy powinni skontaktowa\u0107 si\u0119 bezpo\u015brednio z Facebookiem, je\u015bli chc\u0105 skorzysta\u0107 z kt\u00f3regokolwiek z tych praw. Mo\u017cesz jednak w dowolnym momencie zrezygnowa\u0107 z subskrypcji naszej strony, klikaj\u0105c przycisk \u201eNie lubi\u0119 tego\u201d. W ten spos\u00f3b utracimy dost\u0119p do Twoich danych osobowych, cho\u0107 Facebook mo\u017ce zachowa\u0107 komentarze, kt\u00f3re wcze\u015bniej zamie\u015bci\u0142e\u015b na naszej tablicy.<\/p>\n<p>Je\u015bli chodzi o X, gdy U\u017bYTKOWNIK obserwuje nas, klikaj\u0105c przycisk \u201eObserwuj\u201d, b\u0119dziemy mieli dost\u0119p do informacji o osobach, kt\u00f3re nas obserwuj\u0105, w szczeg\u00f3lno\u015bci do ich nazwy u\u017cytkownika, zdj\u0119cia profilowego (je\u015bli je posiadaj\u0105) oraz komentarzy lub tweet\u00f3w, kt\u00f3re publikuj\u0105, a tak\u017ce do pozosta\u0142ych informacji opublikowanych przez nich na swoim profilu, takich jak u\u017cytkownicy, kt\u00f3rych obserwuj\u0105 i osoby, kt\u00f3re ich obserwuj\u0105, nawet je\u015bli nie wykorzystujemy tych informacji.<\/p>\n<p>W szczeg\u00f3lno\u015bci informacje podane przez u\u017cytkownika w jego biogramie mog\u0105 by\u0107 dla nas dost\u0119pne.<\/p>\n<p>Podobnie jak w przypadku poprzedniej platformy, u\u017cytkownik ponosi odpowiedzialno\u015b\u0107 za korzystanie z portalu spo\u0142eczno\u015bciowego. Dane u\u017cytkownik\u00f3w, kt\u00f3rzy obserwuj\u0105 nas na X, wykorzystujemy wy\u0142\u0105cznie do zarz\u0105dzania tweetami lub wiadomo\u015bciami, kt\u00f3re z nimi wymieniamy, oraz do odpowiadania na nie.<\/p>\n<p>Polityk\u0119 prywatno\u015bci Twittera mo\u017cna znale\u017a\u0107 pod poni\u017cszym linkiem:<\/p>\n<p>\u201chttps:\/\/twitter.com\/privacy\u201d.<\/p>\n<p>Je\u015bli chodzi o Instagram, gdy U\u017bYTKOWNIK obserwuje nas, klikaj\u0105c przycisk \u201eObserwuj\u201d, uzyskujemy dost\u0119p do informacji o naszych obserwuj\u0105cych, w szczeg\u00f3lno\u015bci do ich nazwy u\u017cytkownika, zdj\u0119cia profilowego (je\u015bli je posiada), biografii lub post\u00f3w, a tak\u017ce do pozosta\u0142ych informacji opublikowanych na ich profilu, takich jak obserwowani u\u017cytkownicy i ich obserwatorzy, nawet je\u015bli nie wykorzystujemy tych informacji.<\/p>\n<p>W szczeg\u00f3lno\u015bci informacje podane przez u\u017cytkownika w biografii i postach mog\u0105 by\u0107 dla nas dost\u0119pne.<\/p>\n<p>Podobnie jak w przypadku poprzedniej platformy, u\u017cytkownik ponosi odpowiedzialno\u015b\u0107 za korzystanie z portalu spo\u0142eczno\u015bciowego. Dane naszych obserwuj\u0105cych na Instagramie wykorzystujemy wy\u0142\u0105cznie do zarz\u0105dzania postami i prywatnymi wiadomo\u015bciami, kt\u00f3re z nimi wymieniamy, oraz do odpowiadania na nie.<\/p>\n<p>Polityk\u0119 prywatno\u015bci Instagrama mo\u017cna znale\u017a\u0107 pod poni\u017cszym linkiem:<\/p>\n<p>\u201chttps:\/\/about.instagram.com\/es-la\/blog\/announcements\/instagram-community-data-policy\u201d.<\/p>\n<p>W odniesieniu do YouTube, gdy U\u017bYTKOWNIK subskrybuje kana\u0142, klikaj\u0105c przycisk \u201eSubskrybuj\u201d, uzyskujemy dost\u0119p do informacji o naszych obserwuj\u0105cych, w szczeg\u00f3lno\u015bci do ich nazwy u\u017cytkownika, zdj\u0119cia profilowego (je\u015bli je posiada), kana\u0142u lub film\u00f3w, kt\u00f3re utworzyli, a tak\u017ce do innych informacji opublikowanych na ich profilu, takich jak obserwowani u\u017cytkownicy i ich subskrybenci, chocia\u017c nie wykorzystujemy tych informacji.<\/p>\n<p>W szczeg\u00f3lno\u015bci informacje podawane przez u\u017cytkownika na jego kanale i publikowanych filmach mog\u0105 by\u0107 dla nas dost\u0119pne.<\/p>\n<p>Podobnie jak w przypadku poprzedniej platformy, u\u017cytkownik ponosi odpowiedzialno\u015b\u0107 za korzystanie z sieci spo\u0142eczno\u015bciowej. Dane naszych obserwuj\u0105cych na YouTube wykorzystujemy wy\u0142\u0105cznie do zarz\u0105dzania komentarzami wymienianymi z nimi pod naszymi filmami i odpowiadania na nie.<\/p>\n<p>Polityk\u0119 prywatno\u015bci Instagrama mo\u017cna znale\u017a\u0107 pod poni\u017cszym linkiem:<\/p>\n<p>\u201chttps:\/<a href=\"http:\/\/www.youtube.com\/intl\/ALL_es\/howyoutubeworks\/our-commitments\/protecting-user-data\/\">\/www.youtube.com\/intl\/ALL_es\/howyoutubeworks\/our-commitments\/protecting-user-data\/\u201d<\/a>.<\/p>\n<p>Je\u015bli chodzi o LinkedIn, gdy u\u017cytkownik obserwuje nas, klikaj\u0105c przycisk \u201eObserwuj\u201d, b\u0119dziemy mieli dost\u0119p do jego danych, w szczeg\u00f3lno\u015bci do nazwy u\u017cytkownika, zdj\u0119cia profilowego (je\u015bli je posiada), biografii lub post\u00f3w, a tak\u017ce do innych informacji opublikowanych na jego profilu, takich jak obserwowani u\u017cytkownicy i osoby obserwuj\u0105ce, nawet je\u015bli nie wykorzystujemy tych danych.<\/p>\n<p>W szczeg\u00f3lno\u015bci informacje podane przez u\u017cytkownika w biografii i postach mog\u0105 by\u0107 dla nas dost\u0119pne.<\/p>\n<p>Podobnie jak w przypadku poprzedniej platformy, u\u017cytkownik ponosi odpowiedzialno\u015b\u0107 za korzystanie z sieci spo\u0142eczno\u015bciowej. Dane u\u017cytkownik\u00f3w, kt\u00f3rzy obserwuj\u0105 nas na Instagramie, wykorzystujemy wy\u0142\u0105cznie do zarz\u0105dzania postami lub wiadomo\u015bciami, kt\u00f3re z nimi wymieniamy, oraz do odpowiadania na nie.<\/p>\n<p>Polityk\u0119 prywatno\u015bci LinkedIn mo\u017cna znale\u017a\u0107 pod poni\u017cszym linkiem:<\/p>\n<p>\u201chttps:\/\/es.linkedin.com\/legal\/privacy-policy\u201d.<\/p>\n<h2>E-MAILE WYS\u0141ANE PRZEZ PLEXUS<\/h2>\n<p>Je\u015bli PLEXUS wysy\u0142a do Ciebie e-maile w ramach naszej relacji umownej, informujemy, \u017ce informacje zawarte w tych e-mailach lub za\u0142\u0105czonych plikach mog\u0105 by\u0107 poufne. Dost\u0119p do tre\u015bci e-maila i\/lub jej ujawnienie jest przest\u0119pstwem na mocy art. 197 hiszpa\u0144skiego kodeksu karnego.<\/p>\n<p>Je\u015bli nie jeste\u015b zamierzonym odbiorc\u0105, informujemy, \u017ce jakiekolwiek wykorzystanie, dystrybucja, ujawnienie lub powielanie tych informacji bez wyra\u017anej zgody lub upowa\u017cnienia prawowitego odbiorcy jest zabronione na mocy obowi\u0105zuj\u0105cego prawa.<\/p>\n<p>Prosimy o natychmiastowe powiadomienie nas t\u0105 sam\u0105 drog\u0105 lub telefonicznie i usuni\u0119cie wiadomo\u015bci e-mail.<\/p>\n<p>E-mail nie gwarantuje poufno\u015bci, integralno\u015bci ani prawid\u0142owego dostarczenia przes\u0142anych wiadomo\u015bci.<\/p>\n<\/div><div class=\"fusion-text fusion-text-4\"><h2>\u015aRODKI BEZPIECZE\u0143STWA<\/h2>\n<p>PLEXUS podj\u0105\u0142 niezb\u0119dne \u015brodki techniczne i organizacyjne w celu zagwarantowania bezpiecze\u0144stwa danych osobowych i zapobiegania ich zmianie, utracie, nieautoryzowanemu przetwarzaniu lub dost\u0119powi do nich, bior\u0105c pod uwag\u0119 stan technologii, charakter przechowywanych danych oraz zagro\u017cenia, na jakie s\u0105 one nara\u017cone, niezale\u017cnie od tego, czy zagro\u017cenia te wynikaj\u0105 z dzia\u0142alno\u015bci cz\u0142owieka, czy naturalnego \u015brodowiska fizycznego.<\/p>\n<p>U\u017bYTKOWNIK powinien jednak mie\u0107 \u015bwiadomo\u015b\u0107, \u017ce \u015brodki bezpiecze\u0144stwa w Internecie nie s\u0105 niezawodne.<\/p>\n<h2>PRZECHOWYWANIE DANYCH ZGODNIE Z LSSI (hiszpa\u0144sk\u0105 ustaw\u0105 o us\u0142ugach spo\u0142ecze\u0144stwa informacyjnego i handlu elektronicznym)<\/h2>\n<p>PLEXUS informuje, \u017ce jako dostawca us\u0142ug hostingu danych, zgodnie z Ustaw\u0105 34\/2002 z dnia 11 lipca o us\u0142ugach spo\u0142ecze\u0144stwa informacyjnego i handlu elektronicznym (LSSI), przechowuje przez okres maksymalnie 12 miesi\u0119cy informacje niezb\u0119dne do identyfikacji pochodzenia hostowanych danych oraz momentu rozpocz\u0119cia \u015bwiadczenia us\u0142ugi. Przechowywanie tych danych nie wp\u0142ywa na poufno\u015b\u0107 komunikacji i mo\u017ce by\u0107 wykorzystywane wy\u0142\u0105cznie w ramach \u015bledztwa karnego lub w celu zapewnienia bezpiecze\u0144stwa publicznego, a tak\u017ce udost\u0119pniane s\u0105dom lub prokuraturze na \u017c\u0105danie.<\/p>\n<p>Udost\u0119pnianie danych organom \u015bcigania b\u0119dzie odbywa\u0107 si\u0119 zgodnie z przepisami o ochronie danych osobowych.<\/p>\n<h2>PRAWA W\u0141ASNO\u015aCI INTELEKTUALNEJ<\/h2>\n<p>PLEXUS ponosi odpowiedzialno\u015b\u0107 za wszelkie prawa autorskie, prawa w\u0142asno\u015bci intelektualnej, prawa w\u0142asno\u015bci przemys\u0142owej, know-how i wszelkie inne prawa zwi\u0105zane z tre\u015bci\u0105 strony internetowej i oferowanymi w niej us\u0142ugami, a tak\u017ce oprogramowaniem niezb\u0119dnym do jej wdro\u017cenia i powi\u0105zanymi informacjami.<\/p>\n<p>Powielanie, publikowanie i\/lub wykorzystywanie tre\u015bci strony internetowej, w ca\u0142o\u015bci lub w cz\u0119\u015bci, jest zabronione bez uprzedniej pisemnej zgody, z wyj\u0105tkiem u\u017cytku prywatnego.<\/p>\n<h2>W\u0141ASNO\u015a\u0106 INTELEKTUALNA OPROGRAMOWANIA<\/h2>\n<p>U\u017cytkownicy musz\u0105 szanowa\u0107 oprogramowanie stron trzecich udost\u0119pniane przez PLEXUS, nawet je\u015bli jest ono bezp\u0142atne i\/lub publicznie dost\u0119pne.<\/p>\n<p>PLEXUS posiada niezb\u0119dne prawa w\u0142asno\u015bci intelektualnej i prawa do eksploatacji oprogramowania.<\/p>\n<p>U\u017cytkownicy nie nabywaj\u0105 \u017cadnych praw ani licencji do oprogramowania niezb\u0119dnego do \u015bwiadczenia us\u0142ugi ani do informacji technicznych wykorzystywanych do monitorowania us\u0142ugi, z wyj\u0105tkiem praw i licencji niezb\u0119dnych do realizacji us\u0142ug obj\u0119tych umow\u0105 i wy\u0142\u0105cznie na czas ich trwania.<\/p>\n<p>W przypadku jakichkolwiek dzia\u0142a\u0144 wykraczaj\u0105cych poza zakres umowy, u\u017cytkownik b\u0119dzie potrzebowa\u0142 pisemnej zgody PLEXUS. U\u017cytkownikowi zabrania si\u0119 dost\u0119pu, modyfikacji i przegl\u0105dania konfiguracji i struktury serwer\u00f3w nale\u017c\u0105cych do PLEXUS. U\u017cytkownik ponosi odpowiedzialno\u015b\u0107 cywiln\u0105 i karn\u0105 za wszelkie incydenty, kt\u00f3re mog\u0105 wyst\u0105pi\u0107 na serwerach i w systemach bezpiecze\u0144stwa, b\u0119d\u0105ce bezpo\u015brednim skutkiem zaniedbania lub z\u0142o\u015bliwych dzia\u0142a\u0144 z jego strony.<\/p>\n<h2>W\u0141ASNO\u015a\u0106 INTELEKTUALNA TRE\u015aCI HOSTOWANYCH<\/h2>\n<p>Korzystanie z us\u0142ug \u015bwiadczonych przez PLEXUS, kt\u00f3re naruszaj\u0105 prawa w\u0142asno\u015bci intelektualnej, jest zabronione, w szczeg\u00f3lno\u015bci:<\/p>\n<ul>\n<li>Wykorzystanie naruszaj\u0105ce prawo hiszpa\u0144skie lub prawa innych os\u00f3b.<\/li>\n<li>Publikacja lub transmisja jakichkolwiek tre\u015bci, kt\u00f3re zdaniem PLEXUS s\u0105 brutalne, obsceniczne, obra\u017aliwe, nielegalne, rasistowskie, ksenofobiczne lub znies\u0142awiaj\u0105ce.<\/li>\n<li>Crackowanie, numery seryjne oprogramowania lub jakiekolwiek inne tre\u015bci naruszaj\u0105ce prawa w\u0142asno\u015bci intelektualnej os\u00f3b trzecich.<\/li>\n<li>Gromadzenie i\/lub wykorzystywanie danych osobowych innych u\u017cytkownik\u00f3w bez ich wyra\u017anej zgody lub z naruszeniem Rozporz\u0105dzenia (UE) 2016\/679 Parlamentu Europejskiego i Rady z dnia 27 kwietnia 2016 r. w sprawie ochrony os\u00f3b fizycznych w zwi\u0105zku z przetwarzaniem danych osobowych i w sprawie swobodnego przep\u0142ywu takich danych.<\/li>\n<li>Wykorzystywanie serwera pocztowego i adres\u00f3w e-mail domeny do wysy\u0142ania niezam\u00f3wionych wiadomo\u015bci e-mail.<\/li>\n<li>U\u017cytkownik ponosi pe\u0142n\u0105 odpowiedzialno\u015b\u0107 za tre\u015b\u0107 swojej strony internetowej, przesy\u0142ane i przechowywane informacje, linki hipertekstowe, roszczenia os\u00f3b trzecich oraz dzia\u0142ania prawne zwi\u0105zane z w\u0142asno\u015bci\u0105 intelektualn\u0105, prawami os\u00f3b trzecich i ochron\u0105 nieletnich.<\/li>\n<\/ul>\n<p>U\u017cytkownik jest odpowiedzialny za przestrzeganie wszystkich obowi\u0105zuj\u0105cych przepis\u00f3w prawa, w tym dotycz\u0105cych funkcjonowania serwisu online, handlu elektronicznego, praw autorskich, utrzymania porz\u0105dku publicznego i uniwersalnych zasad korzystania z Internetu.<\/p>\n<p>U\u017cytkownik zobowi\u0105zuje si\u0119 do pokrycia koszt\u00f3w poniesionych przez firm\u0119 PLEXUS przez Tecnolog\u00edas Plexus, S.L. w wyniku wszelkich dzia\u0142a\u0144 prawnych, za kt\u00f3re odpowiada u\u017cytkownik, w tym koszt\u00f3w obs\u0142ugi prawnej i koszt\u00f3w obrony, nawet w przypadku nieprawomocnego orzeczenia s\u0105du.<\/p>\n<h2>OCHRONA DANYCH HOSTOWANYCH<\/h2>\n<p>PLEXUS tworzy kopie zapasowe tre\u015bci przechowywanych na swoich serwerach; nie ponosi jednak odpowiedzialno\u015bci za utrat\u0119 lub przypadkowe usuni\u0119cie danych przez u\u017cytkownik\u00f3w. Nie gwarantuje r\u00f3wnie\u017c ca\u0142kowitego przywr\u00f3cenia danych usuni\u0119tych przez u\u017cytkownik\u00f3w, poniewa\u017c dane te mog\u0142y zosta\u0107 usuni\u0119te i\/lub zmodyfikowane w okresie od ostatniej kopii zapasowej.<\/p>\n<p>Oferowane us\u0142ugi, z wyj\u0105tkiem okre\u015blonych us\u0142ug tworzenia kopii zapasowych, nie obejmuj\u0105 przywracania tre\u015bci zapisanych w kopiach zapasowych wykonanych przez PLEXUS, je\u015bli utrata ta jest spowodowana przez u\u017cytkownika. W takim przypadku op\u0142ata zostanie ustalona na podstawie stopnia skomplikowania i zakresu odzyskiwania, zawsze po uprzedniej akceptacji u\u017cytkownika.<\/p>\n<p>Przywr\u00f3cenie usuni\u0119tych danych jest wliczone w cen\u0119 us\u0142ugi tylko wtedy, gdy utrata tre\u015bci jest spowodowana przyczynami le\u017c\u0105cymi po stronie PLEXUS.<\/p>\n<h2>KOMUNIKACJA HANDLOWA<\/h2>\n<p>Zgodnie z LSSI (Ustaw\u0105 o us\u0142ugach spo\u0142ecze\u0144stwa informacyjnego i handlu elektronicznym), PLEXUS nie b\u0119dzie wysy\u0142a\u0142 materia\u0142\u00f3w reklamowych ani promocyjnych poczt\u0105 elektroniczn\u0105 ani innymi r\u00f3wnowa\u017cnymi kana\u0142ami elektronicznymi, chyba \u017ce odbiorcy wyrazili na to wcze\u015bniej zgod\u0119 lub wyra\u017anie na to zezwolili. W przypadku u\u017cytkownik\u00f3w, z kt\u00f3rymi zawarto wcze\u015bniejsz\u0105 umow\u0119, PLEXUS jest uprawniony do wysy\u0142ania informacji handlowych dotycz\u0105cych produkt\u00f3w lub us\u0142ug Tecnolog\u00edas Plexus, S.L., kt\u00f3re s\u0105 podobne do tych, na kt\u00f3re klient pierwotnie wyrazi\u0142 zgod\u0119.<\/p>\n<p>W ka\u017cdym przypadku, po weryfikacji to\u017csamo\u015bci, u\u017cytkownicy mog\u0105 za\u017c\u0105da\u0107 zaprzestania otrzymywania informacji handlowych za po\u015brednictwem kana\u0142\u00f3w Obs\u0142ugi Klienta.<\/p>\n<\/div><\/div><style type=\"text\/css\">.fusion-body .fusion-builder-column-1{width:100% !important;margin-top : 0px;margin-bottom : 0px;}.fusion-builder-column-1 > .fusion-column-wrapper {padding-top : 0px !important;padding-right : 0px !important;margin-right : 1.92%;padding-bottom : 0px !important;padding-left : 0px !important;margin-left : 1.92%;}@media only screen and (max-width:1200px) {.fusion-body .fusion-builder-column-1{width:100% !important;}.fusion-builder-column-1 > .fusion-column-wrapper {margin-right : 1.92%;margin-left : 1.92%;}}@media only screen and (max-width:640px) {.fusion-body .fusion-builder-column-1{width:100% !important;}.fusion-builder-column-1 > .fusion-column-wrapper {margin-right : 1.92%;margin-left : 1.92%;}}<\/style><\/div><\/div><style type=\"text\/css\">.fusion-body .fusion-flex-container.fusion-builder-row-2{ padding-top : 60px;margin-top : 0px;padding-right : 0px;padding-bottom : 0px;margin-bottom : 0px;padding-left : 0px;}@media only screen and (max-width:640px) {.fusion-body .fusion-flex-container.fusion-builder-row-2{ margin-top : -1rem;}}<\/style><\/div><\/p>\n","protected":false},"excerpt":{"rendered":"","protected":false},"author":1,"featured_media":0,"parent":0,"menu_order":0,"comment_status":"closed","ping_status":"closed","template":"","meta":[],"yoast_head":"<!-- This site is optimized with the Yoast SEO plugin v17.4 - https:\/\/yoast.com\/wordpress\/plugins\/seo\/ -->\n<title>Polityka prywatno\u015bci | Plexus Tech<\/title>\n<meta name=\"description\" content=\"Dowiedz si\u0119 wi\u0119cej o naszej polityce prywatno\u015bci i sposobie przetwarzania Twoich danych. W razie pyta\u0144 skontaktuj si\u0119 z nami pod adresem rgpd@www.plexus.es\" \/>\n<meta name=\"robots\" content=\"noindex, nofollow\" \/>\n<meta property=\"og:locale\" content=\"pl_PL\" \/>\n<meta property=\"og:type\" content=\"article\" \/>\n<meta property=\"og:title\" content=\"Polityka prywatno\u015bci | Plexus Tech\" \/>\n<meta property=\"og:description\" content=\"Dowiedz si\u0119 wi\u0119cej o naszej polityce prywatno\u015bci i sposobie przetwarzania Twoich danych. W razie pyta\u0144 skontaktuj si\u0119 z nami pod adresem rgpd@www.plexus.es\" \/>\n<meta property=\"og:url\" content=\"https:\/\/www.plexus.es\/politica-de-privacidad\/\" \/>\n<meta property=\"og:site_name\" content=\"Plexus Tech\" \/>\n<meta property=\"article:publisher\" content=\"https:\/\/www.facebook.com\/Plexus.Techno\" \/>\n<meta property=\"article:modified_time\" content=\"2026-02-19T15:52:05+00:00\" \/>\n<meta name=\"twitter:card\" content=\"summary_large_image\" \/>\n<meta name=\"twitter:site\" content=\"@plexustech_\" \/>\n<meta name=\"twitter:label1\" content=\"Szacowany czas czytania\" \/>\n\t<meta name=\"twitter:data1\" content=\"24 minuty\" \/>\n<script type=\"application\/ld+json\" class=\"yoast-schema-graph\">{\"@context\":\"https:\/\/schema.org\",\"@graph\":[{\"@type\":\"Organization\",\"@id\":\"https:\/\/www.plexus.es\/#organization\",\"name\":\"Plexus Tech\",\"url\":\"https:\/\/www.plexus.es\/\",\"sameAs\":[\"https:\/\/www.facebook.com\/Plexus.Techno\",\"https:\/\/www.instagram.com\/plexus.tech\/\",\"https:\/\/www.linkedin.com\/company\/plexus-tech\/mycompany\/\",\"https:\/\/www.youtube.com\/user\/tecnologiasplexus\",\"https:\/\/twitter.com\/plexustech_\"],\"logo\":{\"@type\":\"ImageObject\",\"@id\":\"https:\/\/www.plexus.es\/#logo\",\"inLanguage\":\"pl-PL\",\"url\":\"https:\/\/www.plexus.es\/wp-content\/uploads\/2021\/11\/logo-plexus-2021.png\",\"contentUrl\":\"https:\/\/www.plexus.es\/wp-content\/uploads\/2021\/11\/logo-plexus-2021.png\",\"width\":600,\"height\":600,\"caption\":\"Plexus Tech\"},\"image\":{\"@id\":\"https:\/\/www.plexus.es\/#logo\"}},{\"@type\":\"WebSite\",\"@id\":\"https:\/\/www.plexus.es\/#website\",\"url\":\"https:\/\/www.plexus.es\/\",\"name\":\"Plexus Tech\",\"description\":\"Tecnolog\\u00eda con Alma\",\"publisher\":{\"@id\":\"https:\/\/www.plexus.es\/#organization\"},\"potentialAction\":[{\"@type\":\"SearchAction\",\"target\":{\"@type\":\"EntryPoint\",\"urlTemplate\":\"https:\/\/www.plexus.es\/?s={search_term_string}\"},\"query-input\":\"required name=search_term_string\"}],\"inLanguage\":\"pl-PL\"},{\"@type\":\"WebPage\",\"@id\":\"https:\/\/www.plexus.es\/politica-de-privacidad\/#webpage\",\"url\":\"https:\/\/www.plexus.es\/politica-de-privacidad\/\",\"name\":\"Polityka prywatno\\u015bci | Plexus Tech\",\"isPartOf\":{\"@id\":\"https:\/\/www.plexus.es\/#website\"},\"datePublished\":\"2025-03-03T16:28:28+00:00\",\"dateModified\":\"2026-02-19T15:52:05+00:00\",\"description\":\"Dowiedz si\\u0119 wi\\u0119cej o naszej polityce prywatno\\u015bci i sposobie przetwarzania Twoich danych. W razie pyta\\u0144 skontaktuj si\\u0119 z nami pod adresem rgpd@www.plexus.es\",\"breadcrumb\":{\"@id\":\"https:\/\/www.plexus.es\/politica-de-privacidad\/#breadcrumb\"},\"inLanguage\":\"pl-PL\",\"potentialAction\":[{\"@type\":\"ReadAction\",\"target\":[\"https:\/\/www.plexus.es\/politica-de-privacidad\/\"]}]},{\"@type\":\"BreadcrumbList\",\"@id\":\"https:\/\/www.plexus.es\/politica-de-privacidad\/#breadcrumb\",\"itemListElement\":[{\"@type\":\"ListItem\",\"position\":1,\"name\":\"Home\",\"item\":\"https:\/\/www.plexus.es\/\"},{\"@type\":\"ListItem\",\"position\":2,\"name\":\"Polityka prywatno\\u015bci\"}]}]}<\/script>\n<!-- \/ Yoast SEO plugin. -->","yoast_head_json":{"title":"Polityka prywatno\u015bci | Plexus Tech","description":"Dowiedz si\u0119 wi\u0119cej o naszej polityce prywatno\u015bci i sposobie przetwarzania Twoich danych. W razie pyta\u0144 skontaktuj si\u0119 z nami pod adresem rgpd@www.plexus.es","robots":{"index":"noindex","follow":"nofollow"},"og_locale":"pl_PL","og_type":"article","og_title":"Polityka prywatno\u015bci | Plexus Tech","og_description":"Dowiedz si\u0119 wi\u0119cej o naszej polityce prywatno\u015bci i sposobie przetwarzania Twoich danych. W razie pyta\u0144 skontaktuj si\u0119 z nami pod adresem rgpd@www.plexus.es","og_url":"https:\/\/www.plexus.es\/politica-de-privacidad\/","og_site_name":"Plexus Tech","article_publisher":"https:\/\/www.facebook.com\/Plexus.Techno","article_modified_time":"2026-02-19T15:52:05+00:00","twitter_card":"summary_large_image","twitter_site":"@plexustech_","twitter_misc":{"Szacowany czas czytania":"24 minuty"},"schema":{"@context":"https:\/\/schema.org","@graph":[{"@type":"Organization","@id":"https:\/\/www.plexus.es\/#organization","name":"Plexus Tech","url":"https:\/\/www.plexus.es\/","sameAs":["https:\/\/www.facebook.com\/Plexus.Techno","https:\/\/www.instagram.com\/plexus.tech\/","https:\/\/www.linkedin.com\/company\/plexus-tech\/mycompany\/","https:\/\/www.youtube.com\/user\/tecnologiasplexus","https:\/\/twitter.com\/plexustech_"],"logo":{"@type":"ImageObject","@id":"https:\/\/www.plexus.es\/#logo","inLanguage":"pl-PL","url":"https:\/\/www.plexus.es\/wp-content\/uploads\/2021\/11\/logo-plexus-2021.png","contentUrl":"https:\/\/www.plexus.es\/wp-content\/uploads\/2021\/11\/logo-plexus-2021.png","width":600,"height":600,"caption":"Plexus Tech"},"image":{"@id":"https:\/\/www.plexus.es\/#logo"}},{"@type":"WebSite","@id":"https:\/\/www.plexus.es\/#website","url":"https:\/\/www.plexus.es\/","name":"Plexus Tech","description":"Tecnolog\u00eda con Alma","publisher":{"@id":"https:\/\/www.plexus.es\/#organization"},"potentialAction":[{"@type":"SearchAction","target":{"@type":"EntryPoint","urlTemplate":"https:\/\/www.plexus.es\/?s={search_term_string}"},"query-input":"required name=search_term_string"}],"inLanguage":"pl-PL"},{"@type":"WebPage","@id":"https:\/\/www.plexus.es\/politica-de-privacidad\/#webpage","url":"https:\/\/www.plexus.es\/politica-de-privacidad\/","name":"Polityka prywatno\u015bci | Plexus Tech","isPartOf":{"@id":"https:\/\/www.plexus.es\/#website"},"datePublished":"2025-03-03T16:28:28+00:00","dateModified":"2026-02-19T15:52:05+00:00","description":"Dowiedz si\u0119 wi\u0119cej o naszej polityce prywatno\u015bci i sposobie przetwarzania Twoich danych. W razie pyta\u0144 skontaktuj si\u0119 z nami pod adresem rgpd@www.plexus.es","breadcrumb":{"@id":"https:\/\/www.plexus.es\/politica-de-privacidad\/#breadcrumb"},"inLanguage":"pl-PL","potentialAction":[{"@type":"ReadAction","target":["https:\/\/www.plexus.es\/politica-de-privacidad\/"]}]},{"@type":"BreadcrumbList","@id":"https:\/\/www.plexus.es\/politica-de-privacidad\/#breadcrumb","itemListElement":[{"@type":"ListItem","position":1,"name":"Home","item":"https:\/\/www.plexus.es\/"},{"@type":"ListItem","position":2,"name":"Polityka prywatno\u015bci"}]}]}},"_links":{"self":[{"href":"https:\/\/www.plexus.es\/pl\/wp-json\/wp\/v2\/pages\/50773"}],"collection":[{"href":"https:\/\/www.plexus.es\/pl\/wp-json\/wp\/v2\/pages"}],"about":[{"href":"https:\/\/www.plexus.es\/pl\/wp-json\/wp\/v2\/types\/page"}],"author":[{"embeddable":true,"href":"https:\/\/www.plexus.es\/pl\/wp-json\/wp\/v2\/users\/1"}],"replies":[{"embeddable":true,"href":"https:\/\/www.plexus.es\/pl\/wp-json\/wp\/v2\/comments?post=50773"}],"version-history":[{"count":2,"href":"https:\/\/www.plexus.es\/pl\/wp-json\/wp\/v2\/pages\/50773\/revisions"}],"predecessor-version":[{"id":50775,"href":"https:\/\/www.plexus.es\/pl\/wp-json\/wp\/v2\/pages\/50773\/revisions\/50775"}],"wp:attachment":[{"href":"https:\/\/www.plexus.es\/pl\/wp-json\/wp\/v2\/media?parent=50773"}],"curies":[{"name":"wp","href":"https:\/\/api.w.org\/{rel}","templated":true}]}}