{"id":17796,"date":"2021-07-26T09:37:52","date_gmt":"2021-07-26T07:37:52","guid":{"rendered":"https:\/\/www.plexus.es\/contacto\/"},"modified":"2025-02-05T10:46:38","modified_gmt":"2025-02-05T09:46:38","slug":"aviso-legal","status":"publish","type":"page","link":"https:\/\/www.plexus.es\/pt-pt\/aviso-legal\/","title":{"rendered":"Pol\u00edtica de Privacidade"},"content":{"rendered":"<div class=\"fusion-fullwidth fullwidth-box fusion-builder-row-1 fusion-flex-container plexus_css container-legal nonhundred-percent-fullwidth non-hundred-percent-height-scrolling\" style=\"background-color: rgba(255,255,255,0);background-position: center center;background-repeat: no-repeat;border-width: 0px 0px 0px 0px;border-color:#e8ebef;border-style:solid;\" ><div class=\"fusion-builder-row fusion-row fusion-flex-align-items-flex-start\" style=\"max-width:1310.4px;margin-left: calc(-4% \/ 2 );margin-right: calc(-4% \/ 2 );\"><div class=\"fusion-layout-column fusion_builder_column fusion-builder-column-0 fusion_builder_column_1_1 1_1 fusion-flex-column plexus_css minuscula\"><div class=\"fusion-column-wrapper fusion-flex-justify-content-flex-start fusion-content-layout-column\" style=\"background-position:left top;background-repeat:no-repeat;-webkit-background-size:cover;-moz-background-size:cover;-o-background-size:cover;background-size:cover;padding: 0px 0px 0px 0px;\"><div class=\"fusion-text fusion-text-1\"><\/p>\n<h1 class=\"fusion-responsive-typography-calculated\" style=\"--fontsize: 48;\" data-fontsize=\"48\" data-lineheight=\"normal\">Aviso Legal<\/h1>\n<ol class=\"minuscula\">\n<li>\n<h2 class=\"fusion-responsive-typography-calculated\" style=\"--fontsize: 28;\" data-fontsize=\"28\" data-lineheight=\"normal\">Respons\u00e1vel pelo tratamento de dados<\/h2>\n<ul>\n<li>Titular: Tecnolog\u00edas Plexus, S.L. (doravante, \u201cPLEXUS\u201d)<\/li>\n<li>NIF: B15726177<\/li>\n<li>Domic\u00edlio social: Jos\u00e9 Villar Granjel 22-24. Pol\u00edgono de Boisaca, Santiago de Compostela.<\/li>\n<li>Email<strong>:<\/strong> <u><a href=\"mailto:rgpd@plexus.es\">rgpd@plexus.es<\/a><\/u><\/li>\n<\/ul>\n<\/li>\n<li>\n<h2 class=\"fusion-responsive-typography-calculated\" style=\"--fontsize: 28;\" data-fontsize=\"28\" data-lineheight=\"normal\">Informa\u00e7\u00e3o e consentimento<\/h2>\n<p>Ao aceitar esta Pol\u00edtica de Privacidade, o usu\u00e1rio \u00e9 informado e d\u00e1 o seu consentimento livre e inequ\u00edvoco para que os dados pessoais que facilite atrav\u00e9s do site sejam tratados pela PLEXUS.<\/p>\n<\/li>\n<li>\n<h2 class=\"fusion-responsive-typography-calculated\" style=\"--fontsize: 28;\" data-fontsize=\"28\" data-lineheight=\"normal\">Obrigatoriedade de fornecer dados<\/h2>\n<p>Todos os dados pessoais que solicitamos atrav\u00e9s do site ou por outro meio s\u00e3o obrigat\u00f3rios (salvo especifica\u00e7\u00e3o contr\u00e1ria no campo obrigat\u00f3rio) para cumprir as finalidades estabelecidas. N\u00e3o \u00e9 poss\u00edvel registar-se no Site sem fornecer os dados completos, embora possa visualizar livremente o conte\u00fado do Site.<\/p>\n<p>Ao introduzir dados no Site, o usu\u00e1rio garante que tem mais de catorze (14) anos e que os dados fornecidos s\u00e3o verdadeiros, precisos, completos e atualizados, comprometendo-se a notificar a PLEXUS de qualquer modifica\u00e7\u00e3o nos dados fornecidos.<\/p>\n<\/li>\n<li>\n<h2 class=\"fusion-responsive-typography-calculated\" style=\"--fontsize: 28;\" data-fontsize=\"28\" data-lineheight=\"normal\">Qual \u00e9 a finalidade do tratamento dos seus dados pela Plexus?<\/h2>\n<p>Os dados pessoais fornecidos pelo usu\u00e1rio ser\u00e3o tratados com as seguintes finalidades:<\/p>\n<ul>\n<li>Facilitar o registo do usu\u00e1rio para permitir o acesso aos produtos e servi\u00e7os que podemos oferecer.<\/li>\n<li>Inclus\u00e3o dos dados curriculares do usu\u00e1rio numa base de dados da empresa (\u201ccandidatos\u201d), para utiliza\u00e7\u00e3o em futuros processos de sele\u00e7\u00e3o relacionados com ofertas de emprego que a empresa publique nos v\u00e1rios canais que habilitou.<\/li>\n<\/ul>\n<\/li>\n<li>\n<h2 class=\"fusion-responsive-typography-calculated\" style=\"--fontsize: 28;\" data-fontsize=\"28\" data-lineheight=\"normal\">Qual \u00e9 a legitimidade do tratamento?<\/h2>\n<p>O tratamento dos dados do usu\u00e1rio baseia-se no consentimento expresso solicitado e aceite, que pode ser oposto a qualquer momento.<\/p>\n<p>Os consentimentos obtidos para cada uma das finalidades s\u00e3o independentes, portanto, o usu\u00e1rio pode revogar apenas um deles sem afetar os demais.<\/p>\n<p>A legitimidade do tratamento dos seus dados pessoais tamb\u00e9m pode decorrer do conceito de interesse leg\u00edtimo que a empresa possa ter com base nas regulamenta\u00e7\u00f5es estabelecidas nas leis aplic\u00e1veis.<\/p>\n<\/li>\n<li>\n<h2 class=\"fusion-responsive-typography-calculated\" style=\"--fontsize: 28;\" data-fontsize=\"28\" data-lineheight=\"normal\">Qual \u00e9 o prazo de conserva\u00e7\u00e3o dos dados pessoais dos usu\u00e1rios?<\/h2>\n<p>Os dados pessoais ser\u00e3o mantidos enquanto durar a rela\u00e7\u00e3o com o usu\u00e1rio ou at\u00e9 que exer\u00e7a o seu direito de oposi\u00e7\u00e3o e\/ou cancelamento dos dados. Uma vez terminada a rela\u00e7\u00e3o ou exercidos os direitos mencionados, os dados ser\u00e3o bloqueados pelo per\u00edodo exigido pela legisla\u00e7\u00e3o aplic\u00e1vel e at\u00e9 que prescrevam as eventuais responsabilidades decorrentes do tratamento.<\/p>\n<\/li>\n<li>\n<h2 class=\"fusion-responsive-typography-calculated\" style=\"--fontsize: 28;\" data-fontsize=\"28\" data-lineheight=\"normal\">Quais s\u00e3o os dados do usu\u00e1rio que a Plexus pode tratar?<\/h2>\n<p>A PLEXUS tratar\u00e1 as seguintes categorias de dados do usu\u00e1rio:<\/p>\n<ul>\n<li>Dados fornecidos pelo pr\u00f3prio usu\u00e1rio\n<ul>\n<li>Dados identificativos: nome, apelido e n\u00famero de identifica\u00e7\u00e3o.<\/li>\n<li>Dados de contacto: endere\u00e7o de email.<\/li>\n<\/ul>\n<\/li>\n<li>Dados obtidos de fontes diferentes do pr\u00f3prio usu\u00e1rio, como por exemplo fontes acess\u00edveis ao p\u00fablico.<\/li>\n<li>Dados fornecidos por empresas terceirizadas para o gerenciamento do curr\u00edculo de um candidato.<\/li>\n<li>Dados derivados do desenvolvimento da rela\u00e7\u00e3o: Dados fornecidos de forma indireta pelo cliente ao derivar da pr\u00f3pria navega\u00e7\u00e3o na p\u00e1gina web, do acesso \u00e0 \u00e1rea privada ou de qualquer outro de natureza an\u00e1loga que permita o seu recebimento.<\/li>\n<\/ul>\n<p>Nos casos em que o usu\u00e1rio forne\u00e7a \u00e0 PLEXUS dados de terceiros, declara que informou e obteve o consentimento pr\u00e9vio dessa pessoa para que os seus dados pessoais sejam tratados pela PLEXUS. No caso de a PLEXUS ser condenada por um tratamento n\u00e3o autorizado, reserva-se o direito de repercutir essas san\u00e7\u00f5es ao usu\u00e1rio que forneceu os dados sem o consentimento pr\u00e9vio do titular.<\/p>\n<\/li>\n<li>\n<h2 class=\"fusion-responsive-typography-calculated\" style=\"--fontsize: 28;\" data-fontsize=\"28\" data-lineheight=\"normal\">Live Chat<\/h2>\n<h2 class=\"fusion-responsive-typography-calculated\" style=\"--fontsize: 28;\" data-fontsize=\"28\" data-lineheight=\"normal\">Google Analytics<\/h2>\n<p>Atualmente recolhemos estes dados:<\/p>\n<p>Formul\u00e1rio do chat:<\/p>\n<ul>\n<li>Nome<\/li>\n<li>Email<\/li>\n<li>N\u00famero de telefone<\/li>\n<\/ul>\n<p>Informa\u00e7\u00e3o t\u00e9cnica:<\/p>\n<ul>\n<li>Endere\u00e7o IP<\/li>\n<li>P\u00e1ginas visitadas<\/li>\n<li>Tipo de dispositivo<\/li>\n<li>Tipo de navegador<\/li>\n<li>Resolu\u00e7\u00e3o do ecr\u00e3<\/li>\n<li>P\u00e1gina de acesso<\/li>\n<\/ul>\n<p>O visitante \u00e9 livre para enviar qualquer outro dado pessoal que considere apropriado; esses dados s\u00e3o armazenados nos hist\u00f3ricos das conversas.<\/p>\n<p><a href=\"https:\/\/www.smartsupp.com\/es\/help\/privacidad\/\" target=\"_blank\" rel=\"noopener noreferrer\">Privacidade<\/a><\/p>\n<\/li>\n<li>\n<h2 class=\"fusion-responsive-typography-calculated\" style=\"--fontsize: 28;\" data-fontsize=\"28\" data-lineheight=\"normal\">Quem s\u00e3o os destinat\u00e1rios dos dados do usu\u00e1rio?<\/h2>\n<p>A PLEXUS pode ceder os dados pessoais do usu\u00e1rio \u00e0s empresas que fazem parte do seu grupo empresarial. As empresas mencionadas s\u00e3o:<\/p>\n<ul>\n<li class=\"x_MsoListParagraph\"><span data-olk-copy-source=\"MessageBody\">TECNOLOGIAS PLEXUS, S.L. B15726177<\/span><\/li>\n<li class=\"x_MsoListParagraph\">AGMINA MULTIMEDIA, S.L. B15793409<\/li>\n<li class=\"x_MsoListParagraph\">BRETEMA CONSULTING, S.L. B36458495<\/li>\n<li class=\"x_MsoListParagraph\">PLEXUS AMERICA, S.L. B70071154<\/li>\n<li class=\"x_MsoListParagraph\">PLEXUS SEGURIDAD, S.L. B70201330<\/li>\n<li class=\"x_MsoListParagraph\">PLEXUS SERVICIOS GENERALES, S.L. B70071162<\/li>\n<li class=\"x_MsoListParagraph\">PLEXUS TECNOLOGIAS DE LA INFORMACION Y LA B70244991<\/li>\n<li class=\"x_MsoListParagraph\">REGO TORRES, S.L. B15939051<\/li>\n<li class=\"x_MsoListParagraph\">INTRYO SERVICIOS DE SOFTWARE, S.L. B06611925<\/li>\n<li class=\"x_MsoListParagraph\"><span lang=\"EN-GB\">SM2 SOFTWARE &amp; SERVICES MANAGEMENT, S.A. A0723081<\/span><\/li>\n<li class=\"x_MsoListParagraph\">EVOLTIA, S.L. B83887182<\/li>\n<li class=\"x_MsoListParagraph\"><span lang=\"EN-GB\">HUMAN COMPUTER DEVELOPMENT, S.L. B83136200<\/span><\/li>\n<li class=\"x_MsoListParagraph\">BRUCKE ASESORES, S.L., B84276781<\/li>\n<li class=\"x_MsoListParagraph\">NOMASYSTEMS, S.L B15955503<\/li>\n<li class=\"x_MsoListParagraph\"><span lang=\"EN-GB\">SOFT FOR YOU S.L, CON CIF B60179108<\/span><\/li>\n<li class=\"x_MsoListParagraph\">ITECHGRUP INNOVACI\u00d3N EN TECNOLOG\u00cdAS DE LA INFORMACI\u00d3N SL. B64855893<\/li>\n<\/ul>\n<p>Exceto o acima mencionado, a PLEXUS n\u00e3o realizar\u00e1 qualquer cess\u00e3o de dados que n\u00e3o tenha uma base jur\u00eddica que o justifique ou que essa cess\u00e3o esteja legitimada por alguma causa. Portanto, seus dados ser\u00e3o objeto de tratamento apenas pela PLEXUS ou pelas empresas do seu grupo empresarial, dentro do seu pr\u00f3prio \u00e2mbito de atua\u00e7\u00e3o e para os diferentes suportes (digitais e\/ou anal\u00f3gicos) em que atua.<\/p>\n<p>Sem preju\u00edzo do acima exposto, a PLEXUS poder\u00e1 contratar servi\u00e7os de armazenamento na nuvem ou &#8220;Cloud&#8221; com entidades cujos servidores estejam localizados fora do Espa\u00e7o Econ\u00f4mico Europeu. No entanto, a PLEXUS garantir\u00e1 que tais fornecedores garantam as medidas adequadas para manter um n\u00edvel equivalente de prote\u00e7\u00e3o, nos termos do disposto na legisla\u00e7\u00e3o de prote\u00e7\u00e3o de dados.<\/p>\n<p>O servi\u00e7o de ChatBot \u00e9 fornecido pela empresa Smartsupp.com, s.r.o., N\u00famero de registro da empresa: 03668681, VAT ID: CZ03668681, Lidick\u00e1 20, Brno, 602 00, Rep\u00fablica Tcheca. Mais informa\u00e7\u00f5es est\u00e3o dispon\u00edveis sobre este servi\u00e7o na p\u00e1gina <a href=\"https:\/\/www.smartsupp.com\/es\/help\/privacidad\/\" target=\"_blank\" rel=\"noopener noreferrer\">Privacidade<\/a><\/p>\n<\/li>\n<li>\n<h2 class=\"fusion-responsive-typography-calculated\" style=\"--fontsize: 28;\" data-fontsize=\"28\" data-lineheight=\"normal\">Quais s\u00e3o os seus direitos?<\/h2>\n<p>A legisla\u00e7\u00e3o de Prote\u00e7\u00e3o de Dados confere-lhe uma s\u00e9rie de direitos relativamente ao tratamento de dados que envolvem os nossos servi\u00e7os e que voc\u00ea poder\u00e1 exercer, anexando uma c\u00f3pia do seu documento de identifica\u00e7\u00e3o \u00e0 reclama\u00e7\u00e3o. Os direitos s\u00e3o os seguintes:<\/p>\n<ul>\n<li><strong>Direito de acesso:<\/strong> Conhecer que tipo de dados estamos tratando e as caracter\u00edsticas do tratamento que est\u00e3o sendo realizadas.<\/li>\n<li><strong>Direito de retifica\u00e7\u00e3o:<\/strong> Pode modificar seus dados se forem inexatos ou n\u00e3o verdadeiros.<\/li>\n<li><strong>Direito de portabilidade:<\/strong> Poder obter uma c\u00f3pia em formato interoper\u00e1vel dos dados que est\u00e3o sendo tratados.<\/li>\n<li><strong>Direito \u00e0 limita\u00e7\u00e3o do tratamento:<\/strong> Quando voc\u00ea consentiu no tratamento dos seus dados relacionados com diferentes quest\u00f5es, pode proceder \u00e0 sua limita\u00e7\u00e3o.<\/li>\n<li><strong>Direito de supress\u00e3o:<\/strong> Solicitar a supress\u00e3o dos seus dados quando o tratamento j\u00e1 n\u00e3o for necess\u00e1rio.<\/li>\n<li><strong>Direito de oposi\u00e7\u00e3o:<\/strong> Solicitar o cessar do envio de comunica\u00e7\u00f5es comerciais mencionado anteriormente.<\/li>\n<li><strong>Direito a revogar<\/strong> o consentimento prestado<\/li>\n<li><strong>Direito de apresentar uma reclama\u00e7\u00e3o<\/strong> junto \u00e0 autoridade de controlo (Em Espanha, a Ag\u00eancia Espanhola de Prote\u00e7\u00e3o de Dados &#8211; AEPD)<\/li>\n<\/ul>\n<p>Voc\u00ea pode exercer os seus direitos por correio postal para o endere\u00e7o R\u00faa Jos\u00e9 Villar Granjel 22-24, Pol\u00edgono de Boisaca (Santiago de Compostela), ou por correio eletr\u00f3nico junto ao Delegado de Prote\u00e7\u00e3o de Dados da empresa no endere\u00e7o <u><a href=\"mailto:rgpd@plexus.es\">rgpd@plexus.es<\/a><\/u> indicando o direito a exercer e anexando uma c\u00f3pia do seu documento de identifica\u00e7\u00e3o.<\/p>\n<\/li>\n<li>\n<h2 class=\"fusion-responsive-typography-calculated\" style=\"--fontsize: 28;\" data-fontsize=\"28\" data-lineheight=\"normal\">Quais s\u00e3o as medidas de seguran\u00e7a que a Plexus aplicar\u00e1?<\/h2>\n<p>A PLEXUS tratar\u00e1 os dados do usu\u00e1rio em todos os momentos de forma absolutamente confidencial e guardando o dever de segredo em rela\u00e7\u00e3o aos mesmos, em conformidade com o previsto na legisla\u00e7\u00e3o aplic\u00e1vel, adotando para o efeito as medidas t\u00e9cnicas e organizacionais necess\u00e1rias que garantam a seguran\u00e7a dos dados e evitem a sua altera\u00e7\u00e3o, perda, tratamento ou acesso n\u00e3o autorizado, tendo em conta o estado da tecnologia, a natureza dos dados armazenados e os riscos a que est\u00e3o expostos.<\/p>\n<\/li>\n<\/ol>\n<p><strong>D\u00favidas<\/strong><\/p>\n<p>Qualquer d\u00favida, pergunta ou coment\u00e1rio sobre as presentes condi\u00e7\u00f5es, poder\u00e1 ser enviada dirigindo a sua comunica\u00e7\u00e3o para o seguinte endere\u00e7o de correio eletr\u00f3nico: <u><a href=\"mailto:rgpd@plexus.es\">rgpd@plexus.es<\/a><\/u><\/p>\n<p>\u00a0<\/p><\/p>\n<\/div><\/div><style type=\"text\/css\">.fusion-body .fusion-builder-column-0{width:100% !important;margin-top : 0px;margin-bottom : 0px;}.fusion-builder-column-0 > .fusion-column-wrapper {padding-top : 0px !important;padding-right : 0px !important;margin-right : 1.92%;padding-bottom : 0px !important;padding-left : 0px !important;margin-left : 1.92%;}@media only screen and (max-width:1200px) {.fusion-body .fusion-builder-column-0{width:100% !important;}.fusion-builder-column-0 > .fusion-column-wrapper {margin-right : 1.92%;margin-left : 1.92%;}}@media only screen and (max-width:640px) {.fusion-body .fusion-builder-column-0{width:100% !important;}.fusion-builder-column-0 > .fusion-column-wrapper {margin-right : 1.92%;margin-left : 1.92%;}}<\/style><\/div><\/div><style type=\"text\/css\">.fusion-body .fusion-flex-container.fusion-builder-row-1{ padding-top : 60px;margin-top : 0px;padding-right : 0px;padding-bottom : 0px;margin-bottom : 0px;padding-left : 0px;}@media only screen and (max-width:640px) {.fusion-body .fusion-flex-container.fusion-builder-row-1{ margin-top : -1rem;}}<\/style><\/div>","protected":false},"excerpt":{"rendered":"","protected":false},"author":1,"featured_media":0,"parent":0,"menu_order":0,"comment_status":"closed","ping_status":"closed","template":"","meta":[],"yoast_head":"<!-- This site is optimized with the Yoast SEO plugin v17.4 - https:\/\/yoast.com\/wordpress\/plugins\/seo\/ -->\n<title>Aviso Legal | Plexus Tech<\/title>\n<meta name=\"description\" content=\"Saiba mais sobre a nossa pol\u00edtica de privacidade e como tratamos os seus dados. Se tiver alguma d\u00favida, pode contactar-nos em rgpd@www.plexus.es.\" \/>\n<meta name=\"robots\" content=\"noindex, nofollow\" \/>\n<meta property=\"og:locale\" content=\"pt_PT\" \/>\n<meta property=\"og:type\" content=\"article\" \/>\n<meta property=\"og:title\" content=\"Aviso Legal | Plexus Tech\" \/>\n<meta property=\"og:description\" content=\"Saiba mais sobre a nossa pol\u00edtica de privacidade e como tratamos os seus dados. Se tiver alguma d\u00favida, pode contactar-nos em rgpd@www.plexus.es.\" \/>\n<meta property=\"og:url\" content=\"https:\/\/www.plexus.es\/pt-pt\/aviso-legal\/\" \/>\n<meta property=\"og:site_name\" content=\"Plexus Tech\" \/>\n<meta property=\"article:publisher\" content=\"https:\/\/www.facebook.com\/Plexus.Techno\" \/>\n<meta property=\"article:modified_time\" content=\"2025-02-05T09:46:38+00:00\" \/>\n<meta name=\"twitter:card\" content=\"summary_large_image\" \/>\n<meta name=\"twitter:site\" content=\"@plexustech_\" \/>\n<meta name=\"twitter:label1\" content=\"Tempo estimado de leitura\" \/>\n\t<meta name=\"twitter:data1\" content=\"9 minutos\" \/>\n<script type=\"application\/ld+json\" class=\"yoast-schema-graph\">{\"@context\":\"https:\/\/schema.org\",\"@graph\":[{\"@type\":\"Organization\",\"@id\":\"https:\/\/www.plexus.es\/#organization\",\"name\":\"Plexus Tech\",\"url\":\"https:\/\/www.plexus.es\/\",\"sameAs\":[\"https:\/\/www.facebook.com\/Plexus.Techno\",\"https:\/\/www.instagram.com\/plexus.tech\/\",\"https:\/\/www.linkedin.com\/company\/plexus-tech\/mycompany\/\",\"https:\/\/www.youtube.com\/user\/tecnologiasplexus\",\"https:\/\/twitter.com\/plexustech_\"],\"logo\":{\"@type\":\"ImageObject\",\"@id\":\"https:\/\/www.plexus.es\/#logo\",\"inLanguage\":\"pt-PT\",\"url\":\"https:\/\/www.plexus.es\/wp-content\/uploads\/2021\/11\/logo-plexus-2021.png\",\"contentUrl\":\"https:\/\/www.plexus.es\/wp-content\/uploads\/2021\/11\/logo-plexus-2021.png\",\"width\":600,\"height\":600,\"caption\":\"Plexus Tech\"},\"image\":{\"@id\":\"https:\/\/www.plexus.es\/#logo\"}},{\"@type\":\"WebSite\",\"@id\":\"https:\/\/www.plexus.es\/#website\",\"url\":\"https:\/\/www.plexus.es\/\",\"name\":\"Plexus Tech\",\"description\":\"Tecnolog\\u00eda con Alma\",\"publisher\":{\"@id\":\"https:\/\/www.plexus.es\/#organization\"},\"potentialAction\":[{\"@type\":\"SearchAction\",\"target\":{\"@type\":\"EntryPoint\",\"urlTemplate\":\"https:\/\/www.plexus.es\/?s={search_term_string}\"},\"query-input\":\"required name=search_term_string\"}],\"inLanguage\":\"pt-PT\"},{\"@type\":\"WebPage\",\"@id\":\"https:\/\/www.plexus.es\/pt-pt\/aviso-legal\/#webpage\",\"url\":\"https:\/\/www.plexus.es\/pt-pt\/aviso-legal\/\",\"name\":\"Aviso Legal | Plexus Tech\",\"isPartOf\":{\"@id\":\"https:\/\/www.plexus.es\/#website\"},\"datePublished\":\"2021-07-26T07:37:52+00:00\",\"dateModified\":\"2025-02-05T09:46:38+00:00\",\"description\":\"Saiba mais sobre a nossa pol\\u00edtica de privacidade e como tratamos os seus dados. Se tiver alguma d\\u00favida, pode contactar-nos em rgpd@www.plexus.es.\",\"breadcrumb\":{\"@id\":\"https:\/\/www.plexus.es\/pt-pt\/aviso-legal\/#breadcrumb\"},\"inLanguage\":\"pt-PT\",\"potentialAction\":[{\"@type\":\"ReadAction\",\"target\":[\"https:\/\/www.plexus.es\/pt-pt\/aviso-legal\/\"]}]},{\"@type\":\"BreadcrumbList\",\"@id\":\"https:\/\/www.plexus.es\/pt-pt\/aviso-legal\/#breadcrumb\",\"itemListElement\":[{\"@type\":\"ListItem\",\"position\":1,\"name\":\"Home\",\"item\":\"https:\/\/www.plexus.es\/\"},{\"@type\":\"ListItem\",\"position\":2,\"name\":\"Pol\\u00edtica de Privacidade\"}]}]}<\/script>\n<!-- \/ Yoast SEO plugin. -->","yoast_head_json":{"title":"Aviso Legal | Plexus Tech","description":"Saiba mais sobre a nossa pol\u00edtica de privacidade e como tratamos os seus dados. Se tiver alguma d\u00favida, pode contactar-nos em rgpd@www.plexus.es.","robots":{"index":"noindex","follow":"nofollow"},"og_locale":"pt_PT","og_type":"article","og_title":"Aviso Legal | Plexus Tech","og_description":"Saiba mais sobre a nossa pol\u00edtica de privacidade e como tratamos os seus dados. Se tiver alguma d\u00favida, pode contactar-nos em rgpd@www.plexus.es.","og_url":"https:\/\/www.plexus.es\/pt-pt\/aviso-legal\/","og_site_name":"Plexus Tech","article_publisher":"https:\/\/www.facebook.com\/Plexus.Techno","article_modified_time":"2025-02-05T09:46:38+00:00","twitter_card":"summary_large_image","twitter_site":"@plexustech_","twitter_misc":{"Tempo estimado de leitura":"9 minutos"},"schema":{"@context":"https:\/\/schema.org","@graph":[{"@type":"Organization","@id":"https:\/\/www.plexus.es\/#organization","name":"Plexus Tech","url":"https:\/\/www.plexus.es\/","sameAs":["https:\/\/www.facebook.com\/Plexus.Techno","https:\/\/www.instagram.com\/plexus.tech\/","https:\/\/www.linkedin.com\/company\/plexus-tech\/mycompany\/","https:\/\/www.youtube.com\/user\/tecnologiasplexus","https:\/\/twitter.com\/plexustech_"],"logo":{"@type":"ImageObject","@id":"https:\/\/www.plexus.es\/#logo","inLanguage":"pt-PT","url":"https:\/\/www.plexus.es\/wp-content\/uploads\/2021\/11\/logo-plexus-2021.png","contentUrl":"https:\/\/www.plexus.es\/wp-content\/uploads\/2021\/11\/logo-plexus-2021.png","width":600,"height":600,"caption":"Plexus Tech"},"image":{"@id":"https:\/\/www.plexus.es\/#logo"}},{"@type":"WebSite","@id":"https:\/\/www.plexus.es\/#website","url":"https:\/\/www.plexus.es\/","name":"Plexus Tech","description":"Tecnolog\u00eda con Alma","publisher":{"@id":"https:\/\/www.plexus.es\/#organization"},"potentialAction":[{"@type":"SearchAction","target":{"@type":"EntryPoint","urlTemplate":"https:\/\/www.plexus.es\/?s={search_term_string}"},"query-input":"required name=search_term_string"}],"inLanguage":"pt-PT"},{"@type":"WebPage","@id":"https:\/\/www.plexus.es\/pt-pt\/aviso-legal\/#webpage","url":"https:\/\/www.plexus.es\/pt-pt\/aviso-legal\/","name":"Aviso Legal | Plexus Tech","isPartOf":{"@id":"https:\/\/www.plexus.es\/#website"},"datePublished":"2021-07-26T07:37:52+00:00","dateModified":"2025-02-05T09:46:38+00:00","description":"Saiba mais sobre a nossa pol\u00edtica de privacidade e como tratamos os seus dados. Se tiver alguma d\u00favida, pode contactar-nos em rgpd@www.plexus.es.","breadcrumb":{"@id":"https:\/\/www.plexus.es\/pt-pt\/aviso-legal\/#breadcrumb"},"inLanguage":"pt-PT","potentialAction":[{"@type":"ReadAction","target":["https:\/\/www.plexus.es\/pt-pt\/aviso-legal\/"]}]},{"@type":"BreadcrumbList","@id":"https:\/\/www.plexus.es\/pt-pt\/aviso-legal\/#breadcrumb","itemListElement":[{"@type":"ListItem","position":1,"name":"Home","item":"https:\/\/www.plexus.es\/"},{"@type":"ListItem","position":2,"name":"Pol\u00edtica de Privacidade"}]}]}},"_links":{"self":[{"href":"https:\/\/www.plexus.es\/pt-pt\/wp-json\/wp\/v2\/pages\/17796"}],"collection":[{"href":"https:\/\/www.plexus.es\/pt-pt\/wp-json\/wp\/v2\/pages"}],"about":[{"href":"https:\/\/www.plexus.es\/pt-pt\/wp-json\/wp\/v2\/types\/page"}],"author":[{"embeddable":true,"href":"https:\/\/www.plexus.es\/pt-pt\/wp-json\/wp\/v2\/users\/1"}],"replies":[{"embeddable":true,"href":"https:\/\/www.plexus.es\/pt-pt\/wp-json\/wp\/v2\/comments?post=17796"}],"version-history":[{"count":11,"href":"https:\/\/www.plexus.es\/pt-pt\/wp-json\/wp\/v2\/pages\/17796\/revisions"}],"predecessor-version":[{"id":45998,"href":"https:\/\/www.plexus.es\/pt-pt\/wp-json\/wp\/v2\/pages\/17796\/revisions\/45998"}],"wp:attachment":[{"href":"https:\/\/www.plexus.es\/pt-pt\/wp-json\/wp\/v2\/media?parent=17796"}],"curies":[{"name":"wp","href":"https:\/\/api.w.org\/{rel}","templated":true}]}}