{"id":50763,"date":"2025-03-03T17:28:28","date_gmt":"2025-03-03T16:28:28","guid":{"rendered":"https:\/\/www.plexus.es\/politica-de-privacidade\/"},"modified":"2026-02-19T14:38:19","modified_gmt":"2026-02-19T13:38:19","slug":"politica-de-privacidade","status":"publish","type":"page","link":"https:\/\/www.plexus.es\/pt-pt\/politica-de-privacidade\/","title":{"rendered":"Pol\u00edtica de privacidade"},"content":{"rendered":"<p><div class=\"fusion-fullwidth fullwidth-box fusion-builder-row-1 fusion-flex-container plexus_css container-legal nonhundred-percent-fullwidth non-hundred-percent-height-scrolling\" style=\"background-color: rgba(255,255,255,0);background-position: center center;background-repeat: no-repeat;border-width: 0px 0px 0px 0px;border-color:#e8ebef;border-style:solid;\" ><div class=\"fusion-builder-row fusion-row fusion-flex-align-items-flex-start\" style=\"max-width:1310.4px;margin-left: calc(-4% \/ 2 );margin-right: calc(-4% \/ 2 );\"><div class=\"fusion-layout-column fusion_builder_column fusion-builder-column-0 fusion_builder_column_1_1 1_1 fusion-flex-column plexus_css minuscula\"><div class=\"fusion-column-wrapper fusion-flex-justify-content-flex-start fusion-content-layout-column\" style=\"background-position:left top;background-repeat:no-repeat;-webkit-background-size:cover;-moz-background-size:cover;-o-background-size:cover;background-size:cover;padding: 0px 0px 0px 0px;\"><div class=\"fusion-text fusion-text-1\"><h1>Pol\u00edtica de Privacidade<\/h1>\n<h2>POL\u00cdTICA DE PRIVACIDADE DA TECNOLOG\u00cdAS PLEXUS, S.L.<\/h2>\n<ul>\n<li>Data de atualiza\u00e7\u00e3o desta Pol\u00edtica de Privacidade: 3 de fevereiro de 2026<\/li>\n<li>Respons\u00e1vel pelo tratamento: Tecnolog\u00edas Plexus, S.L. (doravante, \u201cPLEXUS\u201d)<\/li>\n<li>Sede: Jos\u00e9 Villar Granjel 22-24, Parque Industrial de Boisaca, Santiago de Compostela, Espanha<\/li>\n<li>E-mail de contacto: rgpd@plexus.es<\/li>\n<li>Site: https:\/\/www.plexus.es\/<\/li>\n<\/ul>\n<p>Em conformidade com o disposto na Lei Org\u00e2nica 3\/18, de 5 de dezembro, sobre a Prote\u00e7\u00e3o de Dados Pessoais e a garantia dos direitos digitais, bem como com o Regulamento (UE) 2016\/679 do Parlamento Europeu e do Conselho, de 27 de abril de 2016, a Tecnolog\u00edas Plexus, S.L. (doravante, \u201cPLEXUS\u201d), respons\u00e1vel pelo website https:\/\/www.plexus.es\/ (doravante, o website), estabelece a presente Pol\u00edtica de Privacidade, que reger\u00e1 o tratamento de dados pessoais. A presente pol\u00edtica \u00e9 entendida, em qualquer caso, sem preju\u00edzo do disposto no Aviso Legal correspondente.<\/p>\n<p>Ao visitar o Website, a PLEXUS n\u00e3o regista quaisquer dados pessoais em qualquer base de dados. No entanto, s\u00e3o recolhidas determinadas informa\u00e7\u00f5es n\u00e3o pessoais nos servidores que prestam servi\u00e7os de alojamento ao Respons\u00e1vel pelo Tratamento de Dados. Esta informa\u00e7\u00e3o inclui dados relativos ao endere\u00e7o IP a partir do qual o website \u00e9 acedido.<\/p>\n<p>O utilizador \u00e9 respons\u00e1vel por fornecer todas as suas informa\u00e7\u00f5es corretamente. A PLEXUS n\u00e3o se responsabiliza por falhas de servi\u00e7o resultantes de informa\u00e7\u00f5es incorretas ou falsas.<\/p>\n<p>Alguns formul\u00e1rios de contacto exigem que forne\u00e7a dados pessoais marcados como obrigat\u00f3rios, bem como que aceite a Pol\u00edtica de Privacidade e o Aviso Legal correspondentes.<\/p>\n<p>O utilizador concorda com a Pol\u00edtica de Privacidade do portal de acordo com as seguintes condi\u00e7\u00f5es:<\/p>\n<p>Informamos ainda que dispomos de um Encarregado de Prote\u00e7\u00e3o de Dados (DPO) que garante o cumprimento das normas de prote\u00e7\u00e3o de dados. Os dados de contacto do nosso DPO s\u00e3o:<\/p>\n<p><strong>PREVISI\u00d3N SANITARIA, SERVICIOS Y CONSULTOR\u00cdA, S.L.U. CALLE VILLANUEVA, 11<br \/>\n<\/strong><\/p>\n<ul>\n<li>28001 de MADRID<\/li>\n<li>Tel\u00e9fono: 914311244<\/li>\n<li>Email: rgpd@plexus.es<\/li>\n<\/ul>\n<h2>RESPONS\u00c1VEL PELO TRATAMENTO DE DADOS<\/h2>\n<p>As informa\u00e7\u00f5es que possam ser solicitadas aos utilizadores deste website atrav\u00e9s de formul\u00e1rios de contacto, dados inclu\u00eddos em coment\u00e1rios em p\u00e1ginas de redes sociais empresariais (ligadas ou n\u00e3o, mas sob a responsabilidade da PLEXUS), dados pessoais introduzidos pelo utilizador nas sec\u00e7\u00f5es designadas ou fornecidos atrav\u00e9s de outros canais de comunica\u00e7\u00e3o (por exemplo, e-mail ou sec\u00e7\u00f5es privadas) s\u00e3o da responsabilidade da PLEXUS.<\/p>\n<h2>DESTINAT\u00c1RIOS DOS DADOS<\/h2>\n<p>As informa\u00e7\u00f5es ser\u00e3o processadas por pessoal autorizado da PLEXUS.<\/p>\n<p>Os dados pessoais recolhidos atrav\u00e9s dos diversos formul\u00e1rios de contacto ou via e-mail, correio ou telefone n\u00e3o ser\u00e3o transferidos ou divulgados a terceiros, exceto quando tal seja necess\u00e1rio para o desenvolvimento, controlo e cumprimento da(s) finalidade(s) declarada(s), conforme previsto na lei, e em casos espec\u00edficos, que ser\u00e3o expressamente comunicados ao UTILIZADOR.<\/p>\n<p>No caso dos perfis corporativos que esta entidade mant\u00e9m nas diversas redes sociais ligadas a este site, os dados podem ser tratados de acordo com outras pol\u00edticas de privacidade (especificamente, as correspondentes \u00e0s diferentes entidades propriet\u00e1rias das redes sociais).<\/p>\n<p>Os perfis oficiais nas redes sociais, acess\u00edveis atrav\u00e9s deste site, foram criados para o ajudar a conhecer melhor as nossas atividades e para criar um canal de comunica\u00e7\u00e3o alternativo com as pessoas interessadas na nossa entidade e nos servi\u00e7os que oferecemos.<\/p>\n<h2>FINALIDADE DA RECOLHA DE DADOS<\/h2>\n<p>A PLEXUS utilizar\u00e1 os dados que o UTILIZADOR fornecer nos formul\u00e1rios de consulta, por correio eletr\u00f3nico ou por outros canais habilitados exclusivamente para:<\/p>\n<ul>\n<li>Para processar o registo do utilizador e conceder acesso aos produtos e servi\u00e7os que oferecemos.<\/li>\n<li>Para incluir os dados do seu curr\u00edculo na base de dados da empresa (&#8220;candidatos&#8221;) para utiliza\u00e7\u00e3o em futuros processos de sele\u00e7\u00e3o relacionados com vagas de emprego divulgadas pela empresa atrav\u00e9s dos seus diversos canais.<\/li>\n<\/ul>\n<p>O UTILIZADOR consente o tratamento dos seus dados para as finalidades descritas, sem preju\u00edzo do seu direito de revogar este consentimento enviando um e-mail para rgpd@plexus.es, identificando-se como UTILIZADOR DO SITE e especificando o seu pedido ou, se aplic\u00e1vel, assinalando a caixa prevista para o efeito no pr\u00f3prio formul\u00e1rio.<\/p>\n<h2>BASE LEGAL PARA O PROCESSAMENTO DE DADOS PESSOAIS<\/h2>\n<p>Os seus dados s\u00e3o tratados com base nas seguintes bases legais:<\/p>\n<p>O consentimento expresso solicitado, o qual aceita e ao qual se pode opor a qualquer momento.<\/p>\n<p>O seu consentimento livre, espec\u00edfico, informado e inequ\u00edvoco, conforme informado atrav\u00e9s desta pol\u00edtica de privacidade. Ap\u00f3s a leitura, caso concorde, poder\u00e1 aceit\u00e1-la atrav\u00e9s de uma declara\u00e7\u00e3o ou de uma a\u00e7\u00e3o afirmativa inequ\u00edvoca, como por exemplo, assinalar a caixa fornecida para o efeito.<\/p>\n<p>A legitimidade pode tamb\u00e9m ser derivada do conceito de interesse leg\u00edtimo que a empresa possa ter com base nas normas estabelecidas na legisla\u00e7\u00e3o aplic\u00e1vel ao caso.<\/p>\n<h2>NATUREZA OBRIGAT\u00d3RIA OU FACULTATIVA DA INFORMA\u00c7\u00c3O SOLICITADA<\/h2>\n<ul>\n<li>Os campos de dados obrigat\u00f3rios em cada formul\u00e1rio ser\u00e3o identificados como tal no pr\u00f3prio formul\u00e1rio.<\/li>\n<li>A recusa em prestar estas informa\u00e7\u00f5es impedir\u00e1 a presta\u00e7\u00e3o do servi\u00e7o solicitado pelo UTILIZADOR.<\/li>\n<\/ul>\n<\/div><div class=\"fusion-text fusion-text-2\"><h2>PER\u00cdODO DE RETEN\u00c7\u00c3O DE DADOS<\/h2>\n<p>Os dados pessoais que fornecer ser\u00e3o conservados durante o tempo necess\u00e1rio para gerir a sua consulta, sugest\u00e3o, reclama\u00e7\u00e3o ou reclama\u00e7\u00e3o, bem como para a presta\u00e7\u00e3o do servi\u00e7o solicitado ou a execu\u00e7\u00e3o da rela\u00e7\u00e3o contratual estabelecida entre si e a PLEXUS.<\/p>\n<p>Ap\u00f3s o termo desta rela\u00e7\u00e3o, os dados ser\u00e3o conservados pelo per\u00edodo necess\u00e1rio para cumprir as obriga\u00e7\u00f5es legais ou pelo per\u00edodo que um juiz ou tribunal possa exigir.<\/p>\n<p>No caso de subscri\u00e7\u00f5es de boletins informativos por e-mail, os dados ser\u00e3o tratados at\u00e9 que revogue o seu consentimento ou se oponha ao tratamento.<\/p>\n<p>Em rela\u00e7\u00e3o ao envio de curr\u00edculos, os dados ser\u00e3o processados \u200b\u200bdurante dois anos, a menos que revogue o seu consentimento ou se oponha ao tratamento.<\/p>\n<h2>DADOS DO UTILIZADOR QUE A PLEXUS PODER\u00c1 PROCESSAR<\/h2>\n<p>A Plexus processar\u00e1 as seguintes categorias de dados do utilizador:<\/p>\n<ul>\n<li>Dados fornecidos pelo utilizador<\/li>\n<li>Dados de identifica\u00e7\u00e3o: nome, apelido<\/li>\n<li>Dados de contacto: endere\u00e7o de e-mail<\/li>\n<li>Dados fornecidos por empresas externas para a gest\u00e3o de curr\u00edculos<\/li>\n<li>Dados derivados do desenvolvimento da rela\u00e7\u00e3o: Dados fornecidos indiretamente pelo cliente em resultado da navega\u00e7\u00e3o no site, do acesso \u00e0 \u00e1rea privada ou de qualquer outro meio semelhante que permita a sua obten\u00e7\u00e3o.<\/li>\n<\/ul>\n<p>Nos casos em que o utilizador forne\u00e7a \u00e0 PLEXUS dados de terceiros, declara que informou e obteve o consentimento pr\u00e9vio da referida pessoa para que os seus dados pessoais sejam tratados pela PLEXUS. Caso a PLEXUS seja considerada culpada de processamento n\u00e3o autorizado, reserva-se o direito de transmitir estas penaliza\u00e7\u00f5es ao utilizador que forneceu os dados sem o consentimento pr\u00e9vio do titular.<\/p>\n<ul>\n<li><a href=\"https:\/\/www.www.plexus.es\/aviso-legal\/\">Live Chat<\/a><\/li>\n<li><a href=\"https:\/\/tagmanager.google.com\/?hl=es\">Google Analytics<\/a><\/li>\n<li>MailChimp<\/li>\n<\/ul>\n<p>Atualmente recolhemos os seguintes dados: Formul\u00e1rio de chat:<\/p>\n<ul>\n<li>Nome<\/li>\n<li>Endere\u00e7o de e-mail<\/li>\n<li>N\u00famero de telefone<\/li>\n<\/ul>\n<p>Informa\u00e7\u00f5es t\u00e9cnicas:<\/p>\n<ul>\n<li>Endere\u00e7o IP<\/li>\n<li>P\u00e1ginas visitadas<\/li>\n<li>Tipo de dispositivo<\/li>\n<li>Tipo de navegador<\/li>\n<li>Resolu\u00e7\u00e3o do ecr\u00e3<\/li>\n<li>P\u00e1gina de login<\/li>\n<\/ul>\n<p>Os visitantes podem enviar quaisquer outras informa\u00e7\u00f5es pessoais que considerem adequadas; estes dados s\u00e3o armazenados no registo do chat.<\/p>\n<p><a href=\"https:\/\/www.smartsupp.com\/es\/help\/privacidad\/\">https:\/\/www.smartsupp.com\/es\/help\/privacidad\/<\/a><\/p>\n<h2>DESTINAT\u00c1RIOS<\/h2>\n<p>Os dados n\u00e3o ser\u00e3o divulgados a terceiros fora da PLEXUS, exceto quando exigido por lei. A Plexus poder\u00e1 transferir os dados pessoais do utilizador para empresas que fa\u00e7am parte do seu grupo empresarial. Essas empresas s\u00e3o:<\/p>\n<ul>\n<li>\u201cGrupo Plexus Tech, S.L.\u201d B70170634<\/li>\n<li>\u201cTecnolog\u00edas Plexus, S.L.\u201d B15726177<\/li>\n<li>\u201cAgmina Multimedia, S.L.\u201d B15793409<\/li>\n<li>\u201cPlexus Am\u00e9rica, S.L.\u201d B70071154<\/li>\n<li>\u201cPlexus Tecnolog\u00edas de la Informaci\u00f3n y de la Comunicaci\u00f3n, S.L.\u201d B70244991<\/li>\n<li>\u201cPeninsular Auxiliar de Servicios, S.L.\u201d B70042478<\/li>\n<li>\u201cDigitalwks Produ\u00e7\u00f5es Web e Digitais, S.A.\u201d (Portugal) 509429564<\/li>\n<li>\u201cPlexus Servicios Generales, S.L.U.\u201d B70071162<\/li>\n<li>\u201cIntryo Servicios de Software, S.L.\u201d B06611925<\/li>\n<li>\u201cHuman Computer Development, S.L.U.\u201d B83136200<\/li>\n<li>\u201cSM2 Software &amp; Services Management, S.A.U.\u201d A07230816<\/li>\n<li>\u201cPlexus Seguridad, S.L.\u201d B70201330<\/li>\n<li>\u201cBI4ALL &#8211; Consultores de Gest\u00e3o, Lda.\u201d 507117336<\/li>\n<li>\u201cBrucke Asesores, S.L.\u201d B84276781<\/li>\n<li>\u201cEvoltia, S.L.\u201d B83887182<\/li>\n<li>\u201cPlexus Latam, S.A. de C.V. \u201d A140505SA9<\/li>\n<\/ul>\n<p>Exceto conforme mencionado acima, a PLEXUS n\u00e3o transferir\u00e1 quaisquer dados sem uma base legal ou sem um motivo leg\u00edtimo para o fazer. Assim sendo, os seus dados ser\u00e3o processados \u200b\u200bapenas pela Plexus ou pelas suas empresas do grupo, dentro dos respetivos \u00e2mbitos de atua\u00e7\u00e3o e nas diversas plataformas (digitais e\/ou anal\u00f3gicas) em que operam.<\/p>\n<p>N\u00e3o obstante o exposto, a PLEXUS poder\u00e1 contratar servi\u00e7os de armazenamento na nuvem com entidades cujos servidores se encontrem fora do Espa\u00e7o Econ\u00f3mico Europeu. No entanto, a PLEXUS assegurar\u00e1 que estes fornecedores asseguram um n\u00edvel de prote\u00e7\u00e3o adequado, em conformidade com as normas de prote\u00e7\u00e3o de dados.<\/p>\n<p>O servi\u00e7o ChatBot \u00e9 fornecido pela Smartsupp.com, s.r.o., n\u00famero de registo da empresa: 03668681, CNPJ: CZ03668681, Lidick\u00e1 20, Brno, 602 00, Rep\u00fablica Checa. Mais informa\u00e7\u00f5es sobre este servi\u00e7o est\u00e3o dispon\u00edveis na p\u00e1gina.<a href=\"https:\/\/www.smartsupp.com\/es\/help\/privacidad\/\"> https:\/\/www.smartsupp.com\/es\/help\/privacidad\/<\/a><\/p>\n<h2>COMPROMISSOS DO UTILIZADOR<\/h2>\n<p>O UTILIZADOR garante ter mais de 14 anos de idade e que as informa\u00e7\u00f5es fornecidas s\u00e3o precisas e verdadeiras.<\/p>\n<p>O UTILIZADOR concorda em informar a PLEXUS sobre quaisquer altera\u00e7\u00f5es \u00e0s informa\u00e7\u00f5es fornecidas, enviando um e-mail para o endere\u00e7o indicado, identificando-se como UTILIZADOR do SITE e especificando as informa\u00e7\u00f5es que necessitam de ser modificadas.<\/p>\n<p>Da mesma forma, o UTILIZADOR concorda em manter as suas palavras-passe e c\u00f3digos de identifica\u00e7\u00e3o em segredo e em informar a PLEXUS o mais rapidamente poss\u00edvel em caso de perda, roubo ou acesso n\u00e3o autorizado.<\/p>\n<p>At\u00e9 que tal notifica\u00e7\u00e3o seja recebida, a PLEXUS estar\u00e1 isenta de qualquer responsabilidade que possa surgir da utiliza\u00e7\u00e3o indevida de tais palavras-passe e c\u00f3digos de identifica\u00e7\u00e3o por terceiros n\u00e3o autorizados.<\/p>\n<\/div><\/div><style type=\"text\/css\">.fusion-body .fusion-builder-column-0{width:100% !important;margin-top : 0px;margin-bottom : 0px;}.fusion-builder-column-0 > .fusion-column-wrapper {padding-top : 0px !important;padding-right : 0px !important;margin-right : 1.92%;padding-bottom : 0px !important;padding-left : 0px !important;margin-left : 1.92%;}@media only screen and (max-width:1200px) {.fusion-body .fusion-builder-column-0{width:100% !important;}.fusion-builder-column-0 > .fusion-column-wrapper {margin-right : 1.92%;margin-left : 1.92%;}}@media only screen and (max-width:640px) {.fusion-body .fusion-builder-column-0{width:100% !important;}.fusion-builder-column-0 > .fusion-column-wrapper {margin-right : 1.92%;margin-left : 1.92%;}}<\/style><\/div><\/div><style type=\"text\/css\">.fusion-body .fusion-flex-container.fusion-builder-row-1{ padding-top : 60px;margin-top : 0px;padding-right : 0px;padding-bottom : 0px;margin-bottom : 0px;padding-left : 0px;}@media only screen and (max-width:640px) {.fusion-body .fusion-flex-container.fusion-builder-row-1{ margin-top : -1rem;}}<\/style><\/div><div class=\"fusion-fullwidth fullwidth-box fusion-builder-row-2 fusion-flex-container plexus_css container-legal nonhundred-percent-fullwidth non-hundred-percent-height-scrolling\" style=\"background-color: rgba(255,255,255,0);background-position: center center;background-repeat: no-repeat;border-width: 0px 0px 0px 0px;border-color:#e8ebef;border-style:solid;\" ><div class=\"fusion-builder-row fusion-row fusion-flex-align-items-flex-start\" style=\"max-width:1310.4px;margin-left: calc(-4% \/ 2 );margin-right: calc(-4% \/ 2 );\"><div class=\"fusion-layout-column fusion_builder_column fusion-builder-column-1 fusion_builder_column_1_1 1_1 fusion-flex-column plexus_css minuscula\"><div class=\"fusion-column-wrapper fusion-flex-justify-content-flex-start fusion-content-layout-column\" style=\"background-position:left top;background-repeat:no-repeat;-webkit-background-size:cover;-moz-background-size:cover;-o-background-size:cover;background-size:cover;padding: 0px 0px 0px 0px;\"><div class=\"fusion-text fusion-text-3\"><h2>DADOS DE TERCEIROS FORNECIDOS PELO UTILIZADOR<\/h2>\n<p>Caso o UTILIZADOR forne\u00e7a dados pessoais de terceiros para qualquer finalidade, garante que informou previamente os titulares dos dados e obteve o seu consentimento para partilhar os seus dados com a PLEXUS.<\/p>\n<p>O UTILIZADOR garante que os titulares dos dados t\u00eam mais de 14 anos de idade e que as informa\u00e7\u00f5es fornecidas s\u00e3o precisas e verdadeiras.<\/p>\n<p>A PLEXUS verificar\u00e1 o consentimento destes titulares de dados atrav\u00e9s de um e-mail inicial com conte\u00fado n\u00e3o comercial, solicitando a confirma\u00e7\u00e3o do consentimento concedido em seu nome pelo UTILIZADOR.<\/p>\n<p>Em caso de responsabilidade decorrente do incumprimento destas condi\u00e7\u00f5es por parte do UTILIZADOR, este ser\u00e1 respons\u00e1vel pelas consequ\u00eancias de tal incumprimento.<\/p>\n<h2>DIREITOS DO UTILIZADOR<\/h2>\n<p>O titular dos dados pode, em qualquer caso, exercer os seus direitos ao abrigo do RGPD (Regulamento Geral sobre a Prote\u00e7\u00e3o de Dados), que s\u00e3o:<\/p>\n<ul>\n<li>Direito a solicitar o acesso aos dados pessoais que lhe digam respeito<\/li>\n<li>Direito de solicitar a retifica\u00e7\u00e3o ou o apagamento dos dados pessoais<\/li>\n<li>Direito de solicitar a limita\u00e7\u00e3o do tratamento<\/li>\n<li>Direito de se opor ao tratamento<\/li>\n<li>Direito \u00e0 portabilidade dos dados<\/li>\n<\/ul>\n<p>O UTILIZADOR deve especificar qual destes direitos pretende exercer e fornecer um comprovativo de identidade. Caso atue atrav\u00e9s de um representante legal ou volunt\u00e1rio, dever\u00e1 ainda fornecer documenta\u00e7\u00e3o comprovativa da representa\u00e7\u00e3o e a identifica\u00e7\u00e3o do representante.<\/p>\n<p>O interessado poder\u00e1 exercer estes direitos mediante requerimento, acompanhado de um comprovativo de identidade, especificando o direito que pretende exercer, enviado para Jos\u00e9 Villar Granjel 22-24, Parque Industrial Boisaca, Santiago de Compostela, ou para o endere\u00e7o de correio eletr\u00f3nico: rgpd@plexus.es<\/p>\n<p>Al\u00e9m disso, caso considere que o seu direito \u00e0 prote\u00e7\u00e3o de dados pessoais foi violado, poder\u00e1 apresentar uma reclama\u00e7\u00e3o \u00e0 Ag\u00eancia Espanhola de Prote\u00e7\u00e3o de Dados (www.agpd.es).<\/p>\n<h2>REDES SOCIAIS<\/h2>\n<p>A PLEXUS mant\u00e9m diversas p\u00e1ginas e\/ou perfis em v\u00e1rias redes sociais, acess\u00edveis atrav\u00e9s deste site. A empresa n\u00e3o se responsabiliza pelos conte\u00fados publicados por terceiros nas referidas plataformas de redes sociais. A utiliza\u00e7\u00e3o e o tratamento de dados por terceiros nestas plataformas de redes sociais estar\u00e3o sujeitos a termos e condi\u00e7\u00f5es gerais ou espec\u00edficos que diferem dos aqui apresentados. Recomendamos que leia e compreenda atentamente estes termos e condi\u00e7\u00f5es.<\/p>\n<p>No que diz respeito ao Facebook, quando um utilizador gosta da nossa p\u00e1gina clicando no bot\u00e3o &#8220;Gosto&#8221;, autoriza-nos a utilizar os seus dados pessoais exclusivamente atrav\u00e9s da plataforma Facebook para fins de gest\u00e3o da nossa p\u00e1gina e para comunica\u00e7\u00e3o bidirecional com os nossos seguidores atrav\u00e9s de chat, mensagens ou outros canais de comunica\u00e7\u00e3o que o Facebook permita atualmente e no futuro. No entanto, este processamento estar\u00e1 sujeito \u00e0s pol\u00edticas de privacidade do Facebook, que o UTILIZADOR poder\u00e1 consultar no seguinte link: &#8220;https:\/\/www.facebook.com\/policy.php&#8221;.<\/p>\n<p>Informamos ainda que, ao gostar da nossa p\u00e1gina, as not\u00edcias que publicamos aparecer\u00e3o na sua timeline e, caso ele comente, o seu coment\u00e1rio, nome de perfil e fotografia de perfil (se aplic\u00e1vel) ser\u00e3o vis\u00edveis para outros f\u00e3s.<\/p>\n<p>Em qualquer caso, o utilizador \u00e9 respons\u00e1vel pela utiliza\u00e7\u00e3o que faz da rede social.<\/p>\n<p>N\u00e3o utilizaremos os dados pessoais dos utilizadores para fins diferentes dos mencionados nos par\u00e1grafos anteriores, nem enviaremos informa\u00e7\u00e3o atrav\u00e9s de qualquer outro canal que n\u00e3o seja a rede social.<\/p>\n<p>No que respeita aos direitos de acesso, retifica\u00e7\u00e3o, elimina\u00e7\u00e3o, portabilidade e direito ao esquecimento, tal como reconhecido por lei, s\u00f3 podemos agir de acordo com as op\u00e7\u00f5es oferecidas pelo Facebook. Os utilizadores devem contactar diretamente o Facebook caso desejem exercer algum destes direitos. No entanto, os utilizadores podem deixar de seguir a nossa p\u00e1gina a qualquer momento clicando no bot\u00e3o &#8220;N\u00e3o gosto&#8221;, momento em que deixaremos de ter acesso aos seus dados pessoais. O Facebook poder\u00e1, no entanto, reter quaisquer coment\u00e1rios que tenham sido publicados anteriormente na nossa p\u00e1gina.<\/p>\n<p>Relativamente a X, quando um UTILIZADOR nos segue clicando no bot\u00e3o &#8220;seguir&#8221;, teremos acesso \u00e0 informa\u00e7\u00e3o das pessoas que nos seguem, em concreto, o nome de utilizador, a fotografia (caso o utilizador tenha adicionado uma fotografia ao seu perfil) e os coment\u00e1rios ou &#8220;Tweets&#8221; publicados, bem como as restantes informa\u00e7\u00f5es que publicaram no seu perfil, como os utilizadores que seguem e os seguidores desses utilizadores, mesmo que n\u00e3o utilizemos essa informa\u00e7\u00e3o.<\/p>\n<p>Em particular, as informa\u00e7\u00f5es que um utilizador fornece na sua &#8220;bio&#8221; podem ser-nos acess\u00edveis.<\/p>\n<p>Tal como na plataforma anterior, o utilizador \u00e9 respons\u00e1vel pela utiliza\u00e7\u00e3o que faz da rede social. Utilizamos os dados dos utilizadores que nos seguem no X apenas para gerir e responder aos &#8220;Tweets&#8221; ou mensagens que trocamos com eles.<\/p>\n<p>Pode consultar a pol\u00edtica de privacidade do Twitter no seguinte link: &#8220;https:\/\/twitter.com\/privacy&#8221;.<\/p>\n<p>Relativamente ao Instagram, quando um UTILIZADOR nos segue clicando no bot\u00e3o &#8220;seguir&#8221;, teremos acesso \u00e0s informa\u00e7\u00f5es das pessoas que nos seguem, especificamente o seu nome de utilizador, fotografia de perfil (se existir) e biografia ou publica\u00e7\u00f5es, bem como as restantes informa\u00e7\u00f5es que publicaram no seu perfil, como os utilizadores que seguem e os seus seguidores, embora n\u00e3o utilizemos essas informa\u00e7\u00f5es.<\/p>\n<p>Em particular, as informa\u00e7\u00f5es que um utilizador fornece na sua &#8220;bio&#8221; e publica\u00e7\u00f5es podem ser-nos acess\u00edveis.<\/p>\n<p>Tal como na plataforma anterior, os utilizadores s\u00e3o respons\u00e1veis \u200b\u200bpela utiliza\u00e7\u00e3o que fazem da rede social. Utilizamos os dados dos nossos seguidores do Instagram apenas para gerir e responder \u00e0s publica\u00e7\u00f5es ou mensagens privadas trocadas com os mesmos.<\/p>\n<p>Pode consultar a pol\u00edtica de privacidade do Instagram no seguinte link:<\/p>\n<p>\u201chttps:\/\/about.instagram.com\/es-la\/blog\/announcements\/instagram-community-data-policy\u201d.<\/p>\n<p>Relativamente ao YouTube, quando um UTILIZADOR se inscreve clicando no bot\u00e3o \u201cSubscrever\u201d, teremos acesso a informa\u00e7\u00f5es sobre os nossos seguidores, especificamente o seu nome de utilizador, fotografia de perfil (se existir) e canal ou v\u00eddeos que criaram, bem como outras informa\u00e7\u00f5es que publicaram no seu perfil, como os utilizadores que seguem e os seus subscritores, embora n\u00e3o utilizemos essas informa\u00e7\u00f5es.<\/p>\n<p>Em particular, as informa\u00e7\u00f5es que o utilizador fornece no seu canal e v\u00eddeos publicados podem ser-nos acess\u00edveis.<\/p>\n<p>Tal como na plataforma anterior, os utilizadores s\u00e3o respons\u00e1veis \u200b\u200bpela utiliza\u00e7\u00e3o que fazem da rede social. Utilizamos os dados dos nossos seguidores do YouTube exclusivamente para gerir e responder aos coment\u00e1rios que trocamos com eles nos nossos v\u00eddeos.<\/p>\n<p>Pode consultar a pol\u00edtica de privacidade do Instagram no seguinte link:<\/p>\n<p>\u201chttps:\/<a href=\"http:\/\/www.youtube.com\/intl\/ALL_es\/howyoutubeworks\/our-commitments\/protecting-user-data\/\">\/www.youtube.com\/intl\/ALL_es\/howyoutubeworks\/our-commitments\/protecting-user-data\/\u201d<\/a>.<\/p>\n<p>Relativamente ao LinkedIn, quando um utilizador nos segue clicando no bot\u00e3o &#8220;seguir&#8221;, teremos acesso \u00e0s suas informa\u00e7\u00f5es, especificamente ao seu nome de utilizador, fotografia de perfil (se existir) e biografia ou publica\u00e7\u00f5es, bem como outras informa\u00e7\u00f5es que tenha publicado no seu perfil, como os utilizadores que segue e os seguidores desses utilizadores, embora n\u00e3o utilizemos essas informa\u00e7\u00f5es.<\/p>\n<p>Em particular, as informa\u00e7\u00f5es que o utilizador fornece na sua biografia e publica\u00e7\u00f5es podem ser-nos acess\u00edveis.<\/p>\n<p>Tal como na plataforma anterior, o utilizador \u00e9 respons\u00e1vel pela utiliza\u00e7\u00e3o que faz da rede social. Utilizamos os dados dos utilizadores que nos seguem no Instagram apenas para gerir e responder \u00e0s publica\u00e7\u00f5es ou mensagens que trocamos com eles.<\/p>\n<p>Pode consultar a pol\u00edtica de privacidade do LinkedIn no seguinte link: \u201chttps:\/\/es.linkedin.com\/legal\/privacy-policy\u201d.<\/p>\n<h2>E-MAILS ENVIADOS PELA PLEXUS<\/h2>\n<p>Caso a PLEXUS lhe envie e-mails no \u00e2mbito da nossa rela\u00e7\u00e3o contratual, esteja ciente de que as informa\u00e7\u00f5es contidas nesses e-mails ou ficheiros anexos podem ser confidenciais. Aceder e\/ou divulgar o conte\u00fado de um e-mail \u00e9 crime, de acordo com o Artigo 197 do C\u00f3digo Penal Espanhol.<\/p>\n<p>Caso n\u00e3o seja o destinat\u00e1rio pretendido, esteja ciente de que qualquer utiliza\u00e7\u00e3o, distribui\u00e7\u00e3o, divulga\u00e7\u00e3o ou reprodu\u00e7\u00e3o desta informa\u00e7\u00e3o sem a autoriza\u00e7\u00e3o expressa do destinat\u00e1rio leg\u00edtimo \u00e9 proibida pela legisla\u00e7\u00e3o aplic\u00e1vel.<\/p>\n<p>Por favor, notifique-nos imediatamente por este mesmo canal ou por telefone e apague o e-mail.<\/p>\n<p>O e-mail n\u00e3o garante a correta confidencialidade, integridade ou entrega das mensagens transmitidas.<\/p>\n<\/div><div class=\"fusion-text fusion-text-4\"><h2>MEDIDAS DE SEGURAN\u00c7A<\/h2>\n<p>A PLEXUS adotou as medidas t\u00e9cnicas e organizacionais necess\u00e1rias para garantir a seguran\u00e7a dos dados pessoais e evitar a sua altera\u00e7\u00e3o, perda, tratamento n\u00e3o autorizado ou acesso indevido, tendo em conta o estado da tecnologia, a natureza dos dados armazenados e os riscos a que est\u00e3o expostos, quer resultem da a\u00e7\u00e3o humana ou do ambiente f\u00edsico natural.<\/p>\n<p>No entanto, o UTILIZADOR deve estar ciente de que as medidas de seguran\u00e7a na internet n\u00e3o s\u00e3o infal\u00edveis.<\/p>\n<h2>RETEN\u00c7\u00c3O DE DADOS DE ACORDO COM A LEI 34\/2002<\/h2>\n<p>A PLEXUS informa que, enquanto prestadora de servi\u00e7os de alojamento de dados e em conformidade com o disposto na Lei 34\/2002, de 11 de Julho, sobre Servi\u00e7os da Sociedade da Informa\u00e7\u00e3o e Com\u00e9rcio Electr\u00f3nico (LSSI), conserva, por um per\u00edodo m\u00e1ximo de 12 meses, a informa\u00e7\u00e3o essencial para identificar a origem dos dados alojados e o momento de in\u00edcio do servi\u00e7o. A conserva\u00e7\u00e3o destes dados n\u00e3o afeta a confidencialidade das comunica\u00e7\u00f5es e s\u00f3 poder\u00e1 ser utilizada no \u00e2mbito de uma investiga\u00e7\u00e3o criminal ou para a salvaguarda da seguran\u00e7a p\u00fablica, sendo disponibilizada aos ju\u00edzes e\/ou tribunais ou ao Minist\u00e9rio P\u00fablico mediante solicita\u00e7\u00e3o.<\/p>\n<p>A divulga\u00e7\u00e3o de dados \u00e0s For\u00e7as e Corpos de Seguran\u00e7a do Estado ser\u00e1 realizada em conformidade com as disposi\u00e7\u00f5es da legisla\u00e7\u00e3o sobre a prote\u00e7\u00e3o de dados pessoais.<\/p>\n<h2>DIREITOS DE PROPRIEDADE INTELECTUAL<\/h2>\n<p>A PLEXUS \u00e9 respons\u00e1vel por todos os direitos de autor, direitos de propriedade intelectual, direitos de propriedade industrial, know-how e quaisquer outros direitos relacionados com o conte\u00fado do website e os servi\u00e7os nele oferecidos, bem como com o software necess\u00e1rio para a sua implementa\u00e7\u00e3o e informa\u00e7\u00f5es relacionadas.<\/p>\n<p>A reprodu\u00e7\u00e3o, publica\u00e7\u00e3o e\/ou utiliza\u00e7\u00e3o do conte\u00fado do website https:\/\/www.plexus.es\/, no todo ou em parte, n\u00e3o \u00e9 permitida sem autoriza\u00e7\u00e3o pr\u00e9via por escrito, exceto para uso estritamente privado.<\/p>\n<h2>PROPRIEDADE INTELECTUAL DO SOFTWARE<\/h2>\n<p>O utilizador deve respeitar o software de terceiros disponibilizado pela PLEXUS, mesmo que seja gratuito e\/ou de dom\u00ednio p\u00fablico.<\/p>\n<p>A PLEXUS det\u00e9m os direitos de propriedade intelectual e de explora\u00e7\u00e3o necess\u00e1rios ao software.<\/p>\n<p>O utilizador n\u00e3o adquire quaisquer direitos ou licen\u00e7as sobre o software necess\u00e1rio para a presta\u00e7\u00e3o do servi\u00e7o, nem sobre a informa\u00e7\u00e3o t\u00e9cnica utilizada para monitorizar o servi\u00e7o, exceto pelos direitos e licen\u00e7as necess\u00e1rios \u00e0 execu\u00e7\u00e3o dos servi\u00e7os contratados e apenas durante a vig\u00eancia dos mesmos.<\/p>\n<p>Para qualquer a\u00e7\u00e3o que exceda o \u00e2mbito do contrato, o utilizador necessitar\u00e1 de autoriza\u00e7\u00e3o por escrito da PLEXUS. \u00c9 proibido ao utilizador aceder, modificar ou visualizar a configura\u00e7\u00e3o e a estrutura dos servidores da PLEXUS, assumindo responsabilidade civil e criminal por qualquer incidente que possa ocorrer nos servidores e sistemas de seguran\u00e7a como resultado direto de a\u00e7\u00f5es negligentes ou dolosas da sua parte.<\/p>\n<h2>PROPRIEDADE INTELECTUAL DO CONTE\u00daDO HOSPEDADO<\/h2>\n<p>\u00c9 proibida a utiliza\u00e7\u00e3o dos servi\u00e7os prestados pela PLEXUS que viole as leis de propriedade intelectual, em particular:<\/p>\n<ul>\n<li>Utiliza\u00e7\u00e3o que viole a lei espanhola ou infrinja os direitos de terceiros.<\/li>\n<li>A publica\u00e7\u00e3o ou transmiss\u00e3o de qualquer conte\u00fado que, na opini\u00e3o da PLEXUS, seja violento, obsceno, abusivo, ilegal, racista, xen\u00f3fobo ou difamat\u00f3rio.<\/li>\n<li>Cracks, n\u00fameros de s\u00e9rie de software ou qualquer outro conte\u00fado que infrinja os direitos de propriedade intelectual de terceiros.<\/li>\n<li>A recolha e\/ou utiliza\u00e7\u00e3o de dados pessoais de outros utilizadores sem o seu consentimento expresso ou em viola\u00e7\u00e3o do Regulamento (UE) 2016\/679 do Parlamento Europeu e do Conselho, de 27 de abril de 2016, relativo \u00e0 prote\u00e7\u00e3o das pessoas singulares no que diz respeito ao tratamento de dados pessoais e \u00e0 livre circula\u00e7\u00e3o desses dados.<\/li>\n<li>A utiliza\u00e7\u00e3o do servidor de correio eletr\u00f3nico e dos endere\u00e7os de e-mail do dom\u00ednio para o envio de e-mails em massa n\u00e3o solicitados.<\/li>\n<li>O utilizador \u00e9 totalmente respons\u00e1vel pelo conte\u00fado do seu website, pelas informa\u00e7\u00f5es transmitidas e armazenadas, pelas liga\u00e7\u00f5es de hipertexto, pelas reclama\u00e7\u00f5es de terceiros e pelas a\u00e7\u00f5es judiciais relacionadas com a propriedade intelectual, os direitos de terceiros e a prote\u00e7\u00e3o de menores.<\/li>\n<\/ul>\n<p>&nbsp;<\/p>\n<p>O utilizador \u00e9 respons\u00e1vel pelo cumprimento de todas as leis e regulamentos aplic\u00e1veis, incluindo os relacionados com a opera\u00e7\u00e3o do servi\u00e7o online, com\u00e9rcio eletr\u00f3nico, direitos de autor, manuten\u00e7\u00e3o da ordem p\u00fablica e princ\u00edpios universais de utiliza\u00e7\u00e3o da internet.<\/p>\n<p>O utilizador indemnizar\u00e1 a PLEXUS por todas as despesas incorridas pela Tecnolog\u00edas Plexus, S.L. em resultado de qualquer a\u00e7\u00e3o judicial da qual o utilizador seja respons\u00e1vel, incluindo honor\u00e1rios de advogados e custas judiciais, mesmo em caso de decis\u00e3o judicial interlocut\u00f3ria.<\/p>\n<h2>PROTE\u00c7\u00c3O DE INFORMA\u00c7\u00d5ES HOSPEDADAS<\/h2>\n<p>A PLEXUS realiza backups do conte\u00fado alojado nos seus servidores; contudo, n\u00e3o se responsabiliza pela perda ou elimina\u00e7\u00e3o acidental de dados por parte dos utilizadores. Da mesma forma, n\u00e3o garante a restaura\u00e7\u00e3o completa dos dados eliminados pelos utilizadores, dado que tais dados podem ter sido eliminados e\/ou modificados durante o per\u00edodo decorrido desde o \u00faltimo backup.<\/p>\n<p>Os servi\u00e7os oferecidos, com exce\u00e7\u00e3o dos servi\u00e7os espec\u00edficos de c\u00f3pia de seguran\u00e7a, n\u00e3o incluem a restaura\u00e7\u00e3o de conte\u00fados armazenados em c\u00f3pias de seguran\u00e7a efetuadas pela PLEXUS quando essa perda \u00e9 atribu\u00edvel ao utilizador. Neste caso, ser\u00e1 cobrada uma taxa de acordo com a complexidade e o volume da recupera\u00e7\u00e3o, sempre sujeita a pr\u00e9via aprova\u00e7\u00e3o do utilizador.<\/p>\n<p>A restaura\u00e7\u00e3o de dados eliminados \u00e9 inclu\u00edda no pre\u00e7o do servi\u00e7o apenas quando a perda de conte\u00fado se deve a causas atribu\u00edveis \u00e0 PLEXUS.<\/p>\n<h2>COMUNICA\u00c7\u00d5ES COMERCIAIS<\/h2>\n<p>Em conformidade com a LSSI (Lei dos Servi\u00e7os da Sociedade da Informa\u00e7\u00e3o e do Com\u00e9rcio Eletr\u00f3nico), a PLEXUS n\u00e3o enviar\u00e1 comunica\u00e7\u00f5es publicit\u00e1rias ou promocionais por e-mail ou outros meios eletr\u00f3nicos equivalentes, a menos que tenham sido previamente solicitadas ou expressamente autorizadas pelos destinat\u00e1rios. Para os utilizadores com os quais exista uma rela\u00e7\u00e3o contratual pr\u00e9via, a PLEXUS est\u00e1 autorizada a enviar comunica\u00e7\u00f5es comerciais relativas a produtos ou servi\u00e7os da Tecnolog\u00edas Plexus, S.L. semelhantes aos inicialmente contratados pelo cliente.<\/p>\n<p>Em qualquer caso, ap\u00f3s verifica\u00e7\u00e3o da sua identidade, os utilizadores podem solicitar que deixem de receber informa\u00e7\u00f5es comerciais atrav\u00e9s dos canais de Apoio ao Cliente.<\/p>\n<\/div><\/div><style type=\"text\/css\">.fusion-body .fusion-builder-column-1{width:100% !important;margin-top : 0px;margin-bottom : 0px;}.fusion-builder-column-1 > .fusion-column-wrapper {padding-top : 0px !important;padding-right : 0px !important;margin-right : 1.92%;padding-bottom : 0px !important;padding-left : 0px !important;margin-left : 1.92%;}@media only screen and (max-width:1200px) {.fusion-body .fusion-builder-column-1{width:100% !important;}.fusion-builder-column-1 > .fusion-column-wrapper {margin-right : 1.92%;margin-left : 1.92%;}}@media only screen and (max-width:640px) {.fusion-body .fusion-builder-column-1{width:100% !important;}.fusion-builder-column-1 > .fusion-column-wrapper {margin-right : 1.92%;margin-left : 1.92%;}}<\/style><\/div><\/div><style type=\"text\/css\">.fusion-body .fusion-flex-container.fusion-builder-row-2{ padding-top : 60px;margin-top : 0px;padding-right : 0px;padding-bottom : 0px;margin-bottom : 0px;padding-left : 0px;}@media only screen and (max-width:640px) {.fusion-body .fusion-flex-container.fusion-builder-row-2{ margin-top : -1rem;}}<\/style><\/div><\/p>\n","protected":false},"excerpt":{"rendered":"","protected":false},"author":1,"featured_media":0,"parent":0,"menu_order":0,"comment_status":"closed","ping_status":"closed","template":"","meta":[],"yoast_head":"<!-- This site is optimized with the Yoast SEO plugin v17.4 - https:\/\/yoast.com\/wordpress\/plugins\/seo\/ -->\n<title>Pol\u00edtica de privacidade | Plexus Tech<\/title>\n<meta name=\"description\" content=\"Saiba mais sobre a nossa pol\u00edtica de privacidade e como tratamos os seus dados. Em caso de d\u00favida, contacte-nos pelo endere\u00e7o rgpd@www.plexus.es.\" \/>\n<meta name=\"robots\" content=\"noindex, nofollow\" \/>\n<meta property=\"og:locale\" content=\"pt_PT\" \/>\n<meta property=\"og:type\" content=\"article\" \/>\n<meta property=\"og:title\" content=\"Pol\u00edtica de privacidade | Plexus Tech\" \/>\n<meta property=\"og:description\" content=\"Saiba mais sobre a nossa pol\u00edtica de privacidade e como tratamos os seus dados. Em caso de d\u00favida, contacte-nos pelo endere\u00e7o rgpd@www.plexus.es.\" \/>\n<meta property=\"og:url\" content=\"https:\/\/www.plexus.es\/politica-de-privacidad\/\" \/>\n<meta property=\"og:site_name\" content=\"Plexus Tech\" \/>\n<meta property=\"article:publisher\" content=\"https:\/\/www.facebook.com\/Plexus.Techno\" \/>\n<meta property=\"article:modified_time\" content=\"2026-02-19T13:38:19+00:00\" \/>\n<meta name=\"twitter:card\" content=\"summary_large_image\" \/>\n<meta name=\"twitter:site\" content=\"@plexustech_\" \/>\n<meta name=\"twitter:label1\" content=\"Tempo estimado de leitura\" \/>\n\t<meta name=\"twitter:data1\" content=\"25 minutos\" \/>\n<script type=\"application\/ld+json\" class=\"yoast-schema-graph\">{\"@context\":\"https:\/\/schema.org\",\"@graph\":[{\"@type\":\"Organization\",\"@id\":\"https:\/\/www.plexus.es\/#organization\",\"name\":\"Plexus Tech\",\"url\":\"https:\/\/www.plexus.es\/\",\"sameAs\":[\"https:\/\/www.facebook.com\/Plexus.Techno\",\"https:\/\/www.instagram.com\/plexus.tech\/\",\"https:\/\/www.linkedin.com\/company\/plexus-tech\/mycompany\/\",\"https:\/\/www.youtube.com\/user\/tecnologiasplexus\",\"https:\/\/twitter.com\/plexustech_\"],\"logo\":{\"@type\":\"ImageObject\",\"@id\":\"https:\/\/www.plexus.es\/#logo\",\"inLanguage\":\"pt-PT\",\"url\":\"https:\/\/www.plexus.es\/wp-content\/uploads\/2021\/11\/logo-plexus-2021.png\",\"contentUrl\":\"https:\/\/www.plexus.es\/wp-content\/uploads\/2021\/11\/logo-plexus-2021.png\",\"width\":600,\"height\":600,\"caption\":\"Plexus Tech\"},\"image\":{\"@id\":\"https:\/\/www.plexus.es\/#logo\"}},{\"@type\":\"WebSite\",\"@id\":\"https:\/\/www.plexus.es\/#website\",\"url\":\"https:\/\/www.plexus.es\/\",\"name\":\"Plexus Tech\",\"description\":\"Tecnolog\\u00eda con Alma\",\"publisher\":{\"@id\":\"https:\/\/www.plexus.es\/#organization\"},\"potentialAction\":[{\"@type\":\"SearchAction\",\"target\":{\"@type\":\"EntryPoint\",\"urlTemplate\":\"https:\/\/www.plexus.es\/?s={search_term_string}\"},\"query-input\":\"required name=search_term_string\"}],\"inLanguage\":\"pt-PT\"},{\"@type\":\"WebPage\",\"@id\":\"https:\/\/www.plexus.es\/politica-de-privacidad\/#webpage\",\"url\":\"https:\/\/www.plexus.es\/politica-de-privacidad\/\",\"name\":\"Pol\\u00edtica de privacidade | Plexus Tech\",\"isPartOf\":{\"@id\":\"https:\/\/www.plexus.es\/#website\"},\"datePublished\":\"2025-03-03T16:28:28+00:00\",\"dateModified\":\"2026-02-19T13:38:19+00:00\",\"description\":\"Saiba mais sobre a nossa pol\\u00edtica de privacidade e como tratamos os seus dados. Em caso de d\\u00favida, contacte-nos pelo endere\\u00e7o rgpd@www.plexus.es.\",\"breadcrumb\":{\"@id\":\"https:\/\/www.plexus.es\/politica-de-privacidad\/#breadcrumb\"},\"inLanguage\":\"pt-PT\",\"potentialAction\":[{\"@type\":\"ReadAction\",\"target\":[\"https:\/\/www.plexus.es\/politica-de-privacidad\/\"]}]},{\"@type\":\"BreadcrumbList\",\"@id\":\"https:\/\/www.plexus.es\/politica-de-privacidad\/#breadcrumb\",\"itemListElement\":[{\"@type\":\"ListItem\",\"position\":1,\"name\":\"Home\",\"item\":\"https:\/\/www.plexus.es\/\"},{\"@type\":\"ListItem\",\"position\":2,\"name\":\"Pol\\u00edtica de privacidade\"}]}]}<\/script>\n<!-- \/ Yoast SEO plugin. -->","yoast_head_json":{"title":"Pol\u00edtica de privacidade | Plexus Tech","description":"Saiba mais sobre a nossa pol\u00edtica de privacidade e como tratamos os seus dados. Em caso de d\u00favida, contacte-nos pelo endere\u00e7o rgpd@www.plexus.es.","robots":{"index":"noindex","follow":"nofollow"},"og_locale":"pt_PT","og_type":"article","og_title":"Pol\u00edtica de privacidade | Plexus Tech","og_description":"Saiba mais sobre a nossa pol\u00edtica de privacidade e como tratamos os seus dados. Em caso de d\u00favida, contacte-nos pelo endere\u00e7o rgpd@www.plexus.es.","og_url":"https:\/\/www.plexus.es\/politica-de-privacidad\/","og_site_name":"Plexus Tech","article_publisher":"https:\/\/www.facebook.com\/Plexus.Techno","article_modified_time":"2026-02-19T13:38:19+00:00","twitter_card":"summary_large_image","twitter_site":"@plexustech_","twitter_misc":{"Tempo estimado de leitura":"25 minutos"},"schema":{"@context":"https:\/\/schema.org","@graph":[{"@type":"Organization","@id":"https:\/\/www.plexus.es\/#organization","name":"Plexus Tech","url":"https:\/\/www.plexus.es\/","sameAs":["https:\/\/www.facebook.com\/Plexus.Techno","https:\/\/www.instagram.com\/plexus.tech\/","https:\/\/www.linkedin.com\/company\/plexus-tech\/mycompany\/","https:\/\/www.youtube.com\/user\/tecnologiasplexus","https:\/\/twitter.com\/plexustech_"],"logo":{"@type":"ImageObject","@id":"https:\/\/www.plexus.es\/#logo","inLanguage":"pt-PT","url":"https:\/\/www.plexus.es\/wp-content\/uploads\/2021\/11\/logo-plexus-2021.png","contentUrl":"https:\/\/www.plexus.es\/wp-content\/uploads\/2021\/11\/logo-plexus-2021.png","width":600,"height":600,"caption":"Plexus Tech"},"image":{"@id":"https:\/\/www.plexus.es\/#logo"}},{"@type":"WebSite","@id":"https:\/\/www.plexus.es\/#website","url":"https:\/\/www.plexus.es\/","name":"Plexus Tech","description":"Tecnolog\u00eda con Alma","publisher":{"@id":"https:\/\/www.plexus.es\/#organization"},"potentialAction":[{"@type":"SearchAction","target":{"@type":"EntryPoint","urlTemplate":"https:\/\/www.plexus.es\/?s={search_term_string}"},"query-input":"required name=search_term_string"}],"inLanguage":"pt-PT"},{"@type":"WebPage","@id":"https:\/\/www.plexus.es\/politica-de-privacidad\/#webpage","url":"https:\/\/www.plexus.es\/politica-de-privacidad\/","name":"Pol\u00edtica de privacidade | Plexus Tech","isPartOf":{"@id":"https:\/\/www.plexus.es\/#website"},"datePublished":"2025-03-03T16:28:28+00:00","dateModified":"2026-02-19T13:38:19+00:00","description":"Saiba mais sobre a nossa pol\u00edtica de privacidade e como tratamos os seus dados. Em caso de d\u00favida, contacte-nos pelo endere\u00e7o rgpd@www.plexus.es.","breadcrumb":{"@id":"https:\/\/www.plexus.es\/politica-de-privacidad\/#breadcrumb"},"inLanguage":"pt-PT","potentialAction":[{"@type":"ReadAction","target":["https:\/\/www.plexus.es\/politica-de-privacidad\/"]}]},{"@type":"BreadcrumbList","@id":"https:\/\/www.plexus.es\/politica-de-privacidad\/#breadcrumb","itemListElement":[{"@type":"ListItem","position":1,"name":"Home","item":"https:\/\/www.plexus.es\/"},{"@type":"ListItem","position":2,"name":"Pol\u00edtica de privacidade"}]}]}},"_links":{"self":[{"href":"https:\/\/www.plexus.es\/pt-pt\/wp-json\/wp\/v2\/pages\/50763"}],"collection":[{"href":"https:\/\/www.plexus.es\/pt-pt\/wp-json\/wp\/v2\/pages"}],"about":[{"href":"https:\/\/www.plexus.es\/pt-pt\/wp-json\/wp\/v2\/types\/page"}],"author":[{"embeddable":true,"href":"https:\/\/www.plexus.es\/pt-pt\/wp-json\/wp\/v2\/users\/1"}],"replies":[{"embeddable":true,"href":"https:\/\/www.plexus.es\/pt-pt\/wp-json\/wp\/v2\/comments?post=50763"}],"version-history":[{"count":5,"href":"https:\/\/www.plexus.es\/pt-pt\/wp-json\/wp\/v2\/pages\/50763\/revisions"}],"predecessor-version":[{"id":50768,"href":"https:\/\/www.plexus.es\/pt-pt\/wp-json\/wp\/v2\/pages\/50763\/revisions\/50768"}],"wp:attachment":[{"href":"https:\/\/www.plexus.es\/pt-pt\/wp-json\/wp\/v2\/media?parent=50763"}],"curies":[{"name":"wp","href":"https:\/\/api.w.org\/{rel}","templated":true}]}}